{"id":3,"date":"2022-12-23T14:27:16","date_gmt":"2022-12-23T14:27:16","guid":{"rendered":"https:\/\/ampacamilojosecela.es\/2023\/?page_id=3"},"modified":"2023-01-10T12:46:40","modified_gmt":"2023-01-10T12:46:40","slug":"politica-privacidad","status":"publish","type":"page","link":"https:\/\/ampacamilojosecela.es\/index.php\/politica-privacidad\/","title":{"rendered":"Pol\u00edtica de privacidad"},"content":{"rendered":"<p>[et_pb_section fb_built=\u00bb1&#8243; fullwidth=\u00bbon\u00bb _builder_version=\u00bb4.19.4&#8243; _module_preset=\u00bbdefault\u00bb background_color=\u00bb#000000&#8243; background_enable_image=\u00bboff\u00bb global_colors_info=\u00bb{}\u00bb][et_pb_fullwidth_header title=\u00bbPol\u00edtica de Privacidad\u00bb subhead=\u00bbNuestra pol\u00edtica de privacidad\u00bb admin_label=\u00bbT\u00edtulo de anchura completa\u00bb _builder_version=\u00bb4.19.4&#8243; _module_preset=\u00bbdefault\u00bb background_color=\u00bb#000000&#8243; custom_margin=\u00bb||-39px|||\u00bb custom_padding=\u00bb||86px|||\u00bb global_colors_info=\u00bb{}\u00bb][\/et_pb_fullwidth_header][\/et_pb_section][et_pb_section fb_built=\u00bb1&#8243; _builder_version=\u00bb4.19.4&#8243; _module_preset=\u00bbdefault\u00bb collapsed=\u00bboff\u00bb global_colors_info=\u00bb{}\u00bb][et_pb_row _builder_version=\u00bb4.19.4&#8243; _module_preset=\u00bbdefault\u00bb custom_margin=\u00bb|auto|-48px|auto||\u00bb custom_padding=\u00bb0px|||||\u00bb global_colors_info=\u00bb{}\u00bb][et_pb_column type=\u00bb4_4&#8243; _builder_version=\u00bb4.19.4&#8243; _module_preset=\u00bbdefault\u00bb global_colors_info=\u00bb{}\u00bb][et_pb_text _builder_version=\u00bb4.19.4&#8243; _module_preset=\u00bbdefault\u00bb custom_margin=\u00bb||56px|||\u00bb global_colors_info=\u00bb{}\u00bb]<\/p>\n<div>\n<h1>Pol\u00edtica de privacidad<\/h1>\n<p><strong>Protecci\u00f3n de Datos<\/strong><\/p>\n<p>AMPA Camilo Jos\u00e9 Cela\u00a0ha adoptado las medidas y niveles de seguridad de protecci\u00f3n de los datos personales exigidos por la Ley Org\u00e1nica del 25 de Mayo de 2018, de Protecci\u00f3n de Datos de Car\u00e1cter Personal y su normativa de desarrollo. Los datos personales recabados a trav\u00e9s de esta web pueden ser objeto de tratamiento automatizado y se incorporan a un fichero titularidad de AMPA Camilo Jos\u00e9 Cela, que es as\u00edmismo la responsable del expresado fichero.<\/p>\n<p>La cumplimentaci\u00f3n del formulario incluido en el sitio o el env\u00edo de correos electr\u00f3nicos u otras comunicaciones a AMPA Camilo Jos\u00e9 Cela, implica el consentimiento expreso del Cliente a la inclusi\u00f3n de sus datos de car\u00e1cter personal en el referido fichero automatizado, titularidad de AMPA Camilo Jos\u00e9 Cela.<\/p>\n<p>El Cliente puede ejercitar sus derechos de acceso, rectificaci\u00f3n, cancelaci\u00f3n y oposici\u00f3n con arreglo a lo previsto en la \u00a0Ley Org\u00e1nica\u00a0del 25 de Mayo de 2018, de Protecci\u00f3n de Datos de Car\u00e1cter Personal y dem\u00e1s normativa aplicable al efecto, mediante el env\u00edo por correo electr\u00f3nico de una solicitud a\u00a0<a href=\"mailto:ampa.camilojc@gmail.com\">ampa.camilojc@gmail.com<\/a><a href=\"mailto:info@fapaginerdelosrios.es\">\u00a0<\/a>.<\/p>\n<p>Dicha solicitud deber\u00e1 ir acompa\u00f1ada del nombre y apellidos del usuario, y fotocopia del DNI.<\/p>\n<p><strong>Recogida de Datos<\/strong><\/p>\n<p>La recogida de datos de car\u00e1cter personal se realizar\u00e1 \u00fanica y exclusivamente a trav\u00e9s del formulario publicado en la secci\u00f3n de CONTACTANOS,\u00a0 de los formularios de la secci\u00f3n ACTIVIDADES EXTRAESCOLARES, NUEVOS PADRES Y BIENVENIDOS as\u00ed como de los correos electr\u00f3nicos que los usuarios puedan remitir a AMPA Camilo Jos\u00e9 Cela.<\/p>\n<p><strong>Cesi\u00f3n de Informaci\u00f3n Personal a Terceros<\/strong><\/p>\n<p>AMPA Camilo Jos\u00e9 Cela no vende, cede, arrienda, ni transmite de modo alguno informaci\u00f3n o datos de car\u00e1cter personal de sus Clientes\/Usuarios a terceros.<\/p>\n<p><strong>Cambios en la Pol\u00edtica de Seguridad y Protecci\u00f3n de Datos<\/strong><\/p>\n<p>AMPA Camilo Jos\u00e9 Cela se reserva el derecho de modificar su pol\u00edtica de seguridad y protecci\u00f3n de datos de forma discrecional, en cualquier momento y sin previo aviso, siempre con arreglo a la legislaci\u00f3n espa\u00f1ola vigente en materia de protecci\u00f3n de datos, con efectos de la fecha de publicaci\u00f3n de dicha modificaci\u00f3n en este sitio web.<\/p>\n<\/div>\n<div>\n<div>\n<div>\n<div>\n<div>\n<div><\/div>\n<div><\/div>\n<div>Le agradeceremos que para cuestiones relacionadas con el ejercicio de sus derechos o para cualquier\u00a0otra informaci\u00f3n o aclaraci\u00f3n al respecto, se dirija a: Ampa CEIP Camilo Jos\u00e9 Cela, sita en C\/Melchor Fern\u00e1ndez Almagro, n\u00ba22,28029-Madrid), o a la direcci\u00f3n de correo electr\u00f3nico: \u00a0.<\/div>\n<\/div>\n<\/div>\n<\/div>\n<\/div>\n<\/div>\n<p>[\/et_pb_text][\/et_pb_column][\/et_pb_row][\/et_pb_section][et_pb_section fb_built=\u00bb1&#8243; admin_label=\u00bbFooter\u00bb _builder_version=\u00bb4.16&#8243; _module_preset=\u00bbdefault\u00bb background_color=\u00bb#000000&#8243; min_height=\u00bb427.7px\u00bb custom_margin=\u00bb-1px||-170px||false|false\u00bb global_module=\u00bb363&#8243; saved_tabs=\u00bball\u00bb global_colors_info=\u00bb{}\u00bb][et_pb_row column_structure=\u00bb1_4,1_4,1_4,1_4&#8243; use_custom_gutter=\u00bbon\u00bb gutter_width=\u00bb1&#8243; make_equal=\u00bbon\u00bb _builder_version=\u00bb4.19.4&#8243; _module_preset=\u00bbdefault\u00bb max_width=\u00bb1440px\u00bb custom_margin=\u00bb-90px||||false|false\u00bb custom_padding=\u00bb0px||||false|false\u00bb global_colors_info=\u00bb{}\u00bb][et_pb_column type=\u00bb1_4&#8243; _builder_version=\u00bb4.16&#8243; _module_preset=\u00bbdefault\u00bb background_color=\u00bb#F5C966&#8243; background_image=\u00bbhttps:\/\/ampacamilojosecela.es\/2023\/wp-content\/uploads\/2022\/12\/high-school_17.png\u00bb background_size=\u00bbinitial\u00bb background_position=\u00bbtop_right\u00bb background_repeat=\u00bbrepeat-y\u00bb custom_padding=\u00bb40px|40px|40px|20px|true|false\u00bb custom_padding_tablet=\u00bb40px||40px||true|false\u00bb custom_padding_phone=\u00bb30px|20px|30px|20px|true|true\u00bb custom_padding_last_edited=\u00bboff|desktop\u00bb global_colors_info=\u00bb{}\u00bb][et_pb_text _builder_version=\u00bb4.16&#8243; _module_preset=\u00bb5c989a74-8649-4b9a-a4a2-6d2b8ae2551c\u00bb header_4_font=\u00bbRoboto|700||on|||||\u00bb header_4_text_color=\u00bbrgba(255,255,255,0.5)\u00bb header_4_font_size=\u00bb12px\u00bb header_4_letter_spacing=\u00bb3px\u00bb header_4_line_height=\u00bb1.5em\u00bb custom_margin=\u00bb||0px||false|false\u00bb custom_margin_tablet=\u00bb30px||||false|false\u00bb custom_margin_phone=\u00bb20px||||false|false\u00bb custom_margin_last_edited=\u00bboff|desktop\u00bb locked=\u00bboff\u00bb global_colors_info=\u00bb{}\u00bb]<\/p>\n<h4>horario del centro<\/h4>\n<p>[\/et_pb_text][et_pb_text _builder_version=\u00bb4.19.4&#8243; _module_preset=\u00bbc2a3d585-c259-4e5a-8faa-710c0e634348&#8243; text_font=\u00bbRoboto|500|||||||\u00bb text_text_color=\u00bb#FFFFFF\u00bb text_font_size=\u00bb16px\u00bb text_line_height=\u00bb1.6em\u00bb header_5_text_color=\u00bb#FFFFFF\u00bb header_5_line_height=\u00bb1.8em\u00bb text_font_size_tablet=\u00bb15px\u00bb text_font_size_phone=\u00bb14px\u00bb text_font_size_last_edited=\u00bbon|desktop\u00bb header_font_size_tablet=\u00bb55px\u00bb header_font_size_last_edited=\u00bboff|desktop\u00bb locked=\u00bboff\u00bb global_colors_info=\u00bb{}\u00bb]<\/p>\n<p>Lunes a Viernes:<br \/>Primeros del cole 7:30-9:00<br \/>Clases 9:00-16:00<br \/>Extraescolares: 16:00 a 17:00 (y a mediod\u00eda en horario de comedor)<\/p>\n<p>C\u00d3DIGO DE CENTRO 28041755<\/p>\n<p>[\/et_pb_text][\/et_pb_column][et_pb_column type=\u00bb1_4&#8243; _builder_version=\u00bb4.16&#8243; _module_preset=\u00bbdefault\u00bb background_color=\u00bb#F7827E\u00bb background_image=\u00bbhttps:\/\/ampacamilojosecela.es\/2023\/wp-content\/uploads\/2022\/12\/high-school_17.png\u00bb background_size=\u00bbinitial\u00bb background_position=\u00bbtop_right\u00bb background_repeat=\u00bbrepeat-y\u00bb custom_padding=\u00bb40px|40px|40px|20px|true|false\u00bb global_colors_info=\u00bb{}\u00bb][et_pb_text _builder_version=\u00bb4.19.4&#8243; _module_preset=\u00bb5c989a74-8649-4b9a-a4a2-6d2b8ae2551c\u00bb header_4_font=\u00bbRoboto|700||on|||||\u00bb header_4_text_color=\u00bbrgba(255,255,255,0.5)\u00bb header_4_font_size=\u00bb12px\u00bb header_4_letter_spacing=\u00bb3px\u00bb header_4_line_height=\u00bb1.5em\u00bb custom_margin=\u00bb||0px||false|false\u00bb locked=\u00bboff\u00bb global_colors_info=\u00bb{}\u00bb]<\/p>\n<h4>Direcci\u00f3n del colegio<\/h4>\n<p>[\/et_pb_text][et_pb_text _builder_version=\u00bb4.19.4&#8243; _module_preset=\u00bbc2a3d585-c259-4e5a-8faa-710c0e634348&#8243; text_font=\u00bbRoboto|500|||||||\u00bb text_text_color=\u00bb#FFFFFF\u00bb text_font_size=\u00bb16px\u00bb text_line_height=\u00bb1.6em\u00bb header_5_text_color=\u00bb#FFFFFF\u00bb header_5_line_height=\u00bb1.8em\u00bb text_font_size_tablet=\u00bb15px\u00bb text_font_size_phone=\u00bb14px\u00bb text_font_size_last_edited=\u00bbon|desktop\u00bb header_font_size_tablet=\u00bb55px\u00bb header_font_size_last_edited=\u00bboff|desktop\u00bb locked=\u00bboff\u00bb global_colors_info=\u00bb{}\u00bb]Melchor Fern\u00e1ndez Almagro, 22<br \/>\n28029 Madrid[\/et_pb_text][\/et_pb_column][et_pb_column type=\u00bb1_4&#8243; _builder_version=\u00bb4.19.4&#8243; _module_preset=\u00bbdefault\u00bb background_color=\u00bb#C88BDA\u00bb background_image=\u00bbhttps:\/\/ampacamilojosecela.es\/2023\/wp-content\/uploads\/2022\/12\/high-school_17.png\u00bb background_size=\u00bbinitial\u00bb background_position=\u00bbtop_right\u00bb background_repeat=\u00bbrepeat-y\u00bb custom_padding=\u00bb40px|40px|40px|20px|true|false\u00bb global_colors_info=\u00bb{}\u00bb][et_pb_text _builder_version=\u00bb4.16&#8243; _module_preset=\u00bb5c989a74-8649-4b9a-a4a2-6d2b8ae2551c\u00bb header_4_font=\u00bbRoboto|700||on|||||\u00bb header_4_text_color=\u00bbrgba(255,255,255,0.5)\u00bb header_4_font_size=\u00bb12px\u00bb header_4_letter_spacing=\u00bb3px\u00bb header_4_line_height=\u00bb1.5em\u00bb custom_margin=\u00bb||0px||false|false\u00bb locked=\u00bboff\u00bb global_colors_info=\u00bb{}\u00bb]<\/p>\n<h4>Email<\/h4>\n<p>[\/et_pb_text][et_pb_text _builder_version=\u00bb4.19.4&#8243; _module_preset=\u00bbc2a3d585-c259-4e5a-8faa-710c0e634348&#8243; text_font=\u00bbRoboto|500|||||||\u00bb text_text_color=\u00bb#FFFFFF\u00bb text_font_size=\u00bb16px\u00bb text_line_height=\u00bb1.6em\u00bb link_text_color=\u00bb#FFFFFF\u00bb header_5_text_color=\u00bb#FFFFFF\u00bb header_5_line_height=\u00bb1.8em\u00bb text_font_size_tablet=\u00bb15px\u00bb text_font_size_phone=\u00bb14px\u00bb text_font_size_last_edited=\u00bbon|desktop\u00bb header_font_size_tablet=\u00bb55px\u00bb header_font_size_last_edited=\u00bboff|desktop\u00bb locked=\u00bboff\u00bb global_colors_info=\u00bb{}\u00bb]<\/p>\n<p><a href=\"mailto:ampa.camilojc@gmail.com\">ampa.camilojc@gmail.com<\/a><\/p>\n<p>[\/et_pb_text][\/et_pb_column][et_pb_column type=\u00bb1_4&#8243; _builder_version=\u00bb4.16&#8243; _module_preset=\u00bbdefault\u00bb background_color=\u00bb#62acac\u00bb background_image=\u00bbhttps:\/\/ampacamilojosecela.es\/2023\/wp-content\/uploads\/2022\/12\/high-school_17.png\u00bb background_size=\u00bbinitial\u00bb background_position=\u00bbtop_right\u00bb background_repeat=\u00bbrepeat-y\u00bb custom_padding=\u00bb40px|40px|40px|20px|true|false\u00bb global_colors_info=\u00bb{}\u00bb][et_pb_text _builder_version=\u00bb4.19.4&#8243; _module_preset=\u00bb5c989a74-8649-4b9a-a4a2-6d2b8ae2551c\u00bb header_4_font=\u00bbRoboto|700||on|||||\u00bb header_4_text_color=\u00bbrgba(255,255,255,0.5)\u00bb header_4_font_size=\u00bb12px\u00bb header_4_letter_spacing=\u00bb3px\u00bb header_4_line_height=\u00bb1.5em\u00bb custom_margin=\u00bb||0px||false|false\u00bb custom_margin_last_edited=\u00bboff|desktop\u00bb locked=\u00bboff\u00bb global_colors_info=\u00bb{}\u00bb]<\/p>\n<h4>CONTACTA CON EL COLEGIO<\/h4>\n<p>[\/et_pb_text][et_pb_text _builder_version=\u00bb4.19.4&#8243; _module_preset=\u00bbc2a3d585-c259-4e5a-8faa-710c0e634348&#8243; text_font=\u00bbRoboto|500|||||||\u00bb text_text_color=\u00bb#FFFFFF\u00bb text_font_size=\u00bb16px\u00bb text_line_height=\u00bb1.6em\u00bb link_text_color=\u00bb#FFFFFF\u00bb header_5_text_color=\u00bb#FFFFFF\u00bb header_5_line_height=\u00bb1.8em\u00bb text_font_size_tablet=\u00bb15px\u00bb text_font_size_phone=\u00bb14px\u00bb text_font_size_last_edited=\u00bbon|desktop\u00bb header_font_size_tablet=\u00bb55px\u00bb header_font_size_last_edited=\u00bboff|desktop\u00bb locked=\u00bboff\u00bb global_colors_info=\u00bb{}\u00bb]<\/p>\n<p><strong>Direcci\u00f3n:<\/strong> <a href=\"mailto:cp.cela.madrid@educa.madrid.org\">cp.cela.madrid@educa.madrid.org<\/a><br \/>Secretar\u00eda: <a href=\"mailto:secretaria.cp.cela.madrid@educa.madrid.org\">secretaria.cp.cela.madrid@educa.madrid.org<\/a><br \/>Tel\u00e9fono: <a href=\"tel:917392424\">91 739 24 24<\/a><br \/>Fax: 91 378 15 07\u00a0<\/p>\n<p>[\/et_pb_text][\/et_pb_column][\/et_pb_row][et_pb_row column_structure=\u00bb1_4,1_4,1_4,1_4&#8243; _builder_version=\u00bb4.19.4&#8243; _module_preset=\u00bbdefault\u00bb max_height=\u00bb192px\u00bb global_colors_info=\u00bb{}\u00bb][et_pb_column type=\u00bb1_4&#8243; _builder_version=\u00bb4.16&#8243; _module_preset=\u00bbdefault\u00bb global_colors_info=\u00bb{}\u00bb][et_pb_image src=\u00bbhttps:\/\/ampacamilojosecela.es\/2023\/wp-content\/uploads\/2022\/12\/Recurso-5.png\u00bb title_text=\u00bbRecurso-5&#8243; _builder_version=\u00bb4.19.4&#8243; _module_preset=\u00bbdefault\u00bb global_colors_info=\u00bb{}\u00bb][\/et_pb_image][\/et_pb_column][et_pb_column type=\u00bb1_4&#8243; _builder_version=\u00bb4.16&#8243; _module_preset=\u00bbdefault\u00bb global_colors_info=\u00bb{}\u00bb][et_pb_text _builder_version=\u00bb4.19.4&#8243; _module_preset=\u00bb5c989a74-8649-4b9a-a4a2-6d2b8ae2551c\u00bb header_4_font=\u00bbRoboto|700||on|||||\u00bb header_4_text_color=\u00bb#FFFFFF\u00bb header_4_font_size=\u00bb12px\u00bb header_4_letter_spacing=\u00bb3px\u00bb header_4_line_height=\u00bb1.5em\u00bb header_5_text_color=\u00bb#FFFFFF\u00bb custom_margin=\u00bb||0px||false|false\u00bb locked=\u00bboff\u00bb global_colors_info=\u00bb{}\u00bb]<\/p>\n<h4>COLEGIO<\/h4>\n<p>[\/et_pb_text][et_pb_text _builder_version=\u00bb4.19.4&#8243; _module_preset=\u00bb7262e956-c376-4aa6-9642-c413f71527d0&#8243; text_line_height=\u00bb1.8em\u00bb link_text_color=\u00bb#FFFFFF\u00bb link_line_height=\u00bb1.2em\u00bb header_font_size_tablet=\u00bb55px\u00bb header_font_size_last_edited=\u00bboff|desktop\u00bb locked=\u00bboff\u00bb global_colors_info=\u00bb{}\u00bb]<\/p>\n<p><a href=\"https:\/\/site.educa.madrid.org\/cp.cela.madrid\/\">Web del Colegio<\/a><\/p>\n<p>&nbsp;<\/p>\n<p>[\/et_pb_text][\/et_pb_column][et_pb_column type=\u00bb1_4&#8243; _builder_version=\u00bb4.16&#8243; _module_preset=\u00bbdefault\u00bb global_colors_info=\u00bb{}\u00bb][et_pb_text _builder_version=\u00bb4.19.4&#8243; _module_preset=\u00bb5c989a74-8649-4b9a-a4a2-6d2b8ae2551c\u00bb header_4_font=\u00bbRoboto|700||on|||||\u00bb header_4_text_color=\u00bb#FFFFFF\u00bb header_4_font_size=\u00bb12px\u00bb header_4_letter_spacing=\u00bb3px\u00bb header_4_line_height=\u00bb1.5em\u00bb header_5_text_color=\u00bb#FFFFFF\u00bb custom_margin=\u00bb||0px||false|false\u00bb locked=\u00bboff\u00bb global_colors_info=\u00bb{}\u00bb]<\/p>\n<h4>AMPA<\/h4>\n<p>[\/et_pb_text][et_pb_text _builder_version=\u00bb4.19.4&#8243; _module_preset=\u00bb7262e956-c376-4aa6-9642-c413f71527d0&#8243; text_line_height=\u00bb1.8em\u00bb link_text_color=\u00bb#FFFFFF\u00bb link_line_height=\u00bb1.2em\u00bb header_font_size_tablet=\u00bb55px\u00bb header_font_size_last_edited=\u00bboff|desktop\u00bb locked=\u00bboff\u00bb global_colors_info=\u00bb{}\u00bb]<\/p>\n<p>Pol\u00edtica de privacidad<br \/>Pol\u00edtica de cookies<br \/>Aviso Legal<\/p>\n<p>[\/et_pb_text][\/et_pb_column][et_pb_column type=\u00bb1_4&#8243; _builder_version=\u00bb4.16&#8243; _module_preset=\u00bbdefault\u00bb global_colors_info=\u00bb{}\u00bb][et_pb_text _builder_version=\u00bb4.19.4&#8243; _module_preset=\u00bb5c989a74-8649-4b9a-a4a2-6d2b8ae2551c\u00bb header_4_font=\u00bbRoboto|700||on|||||\u00bb header_4_text_color=\u00bb#FFFFFF\u00bb header_4_font_size=\u00bb12px\u00bb header_4_letter_spacing=\u00bb3px\u00bb header_4_line_height=\u00bb1.5em\u00bb header_5_text_color=\u00bb#FFFFFF\u00bb custom_margin=\u00bb||0px||false|false\u00bb locked=\u00bboff\u00bb global_colors_info=\u00bb{}\u00bb]<\/p>\n<h4>ACTIVIDADES<\/h4>\n<p>[\/et_pb_text][et_pb_text _builder_version=\u00bb4.19.4&#8243; _module_preset=\u00bb7262e956-c376-4aa6-9642-c413f71527d0&#8243; text_line_height=\u00bb1.8em\u00bb link_text_color=\u00bb#FFFFFF\u00bb link_line_height=\u00bb1.2em\u00bb header_font_size_tablet=\u00bb55px\u00bb header_font_size_last_edited=\u00bboff|desktop\u00bb locked=\u00bboff\u00bb global_colors_info=\u00bb{}\u00bb]Actividades del AMPA<br \/>\nFormularios de inscripci\u00f3n<br \/>\n\u00daltimas noticias[\/et_pb_text][\/et_pb_column][\/et_pb_row][\/et_pb_section]<\/p>\n","protected":false},"excerpt":{"rendered":"<p>Pol\u00edtica de privacidad Protecci\u00f3n de Datos AMPA Camilo Jos\u00e9 Cela\u00a0ha adoptado las medidas y niveles de seguridad de protecci\u00f3n de los datos personales exigidos por la Ley Org\u00e1nica del 25 de Mayo de 2018, de Protecci\u00f3n de Datos de Car\u00e1cter Personal y su normativa de desarrollo. Los datos personales recabados a trav\u00e9s de esta web [&hellip;]<\/p>\n","protected":false},"author":1,"featured_media":0,"parent":0,"menu_order":0,"comment_status":"closed","ping_status":"closed","template":"","meta":{"_et_pb_use_builder":"on","_et_pb_old_content":"<!-- wp:heading -->\n<h2>Qui\u00e9nes somos<\/h2>\n<!-- \/wp:heading -->\n\n<!-- wp:paragraph -->\n<p><strong class=\"privacy-policy-tutorial\">Texto sugerido: <\/strong>La direcci\u00f3n de nuestra web es: https:\/\/ampacamilojosecela.es\/2023.<\/p>\n<!-- \/wp:paragraph -->\n\n<!-- wp:heading -->\n<h2>Comentarios<\/h2>\n<!-- \/wp:heading -->\n\n<!-- wp:paragraph -->\n<p><strong class=\"privacy-policy-tutorial\">Texto sugerido: <\/strong>Cuando los visitantes dejan comentarios en la web, recopilamos los datos que se muestran en el formulario de comentarios, as\u00ed como la direcci\u00f3n IP del visitante y la cadena de agentes de usuario del navegador para ayudar a la detecci\u00f3n de spam.<\/p>\n<!-- \/wp:paragraph -->\n\n<!-- wp:paragraph -->\n<p>Una cadena an\u00f3nima creada a partir de tu direcci\u00f3n de correo electr\u00f3nico (tambi\u00e9n llamada hash) puede ser proporcionada al servicio de Gravatar para ver si la est\u00e1s usando. La pol\u00edtica de privacidad del servicio Gravatar est\u00e1 disponible aqu\u00ed: https:\/\/automattic.com\/privacy\/. Despu\u00e9s de la aprobaci\u00f3n de tu comentario, la imagen de tu perfil es visible para el p\u00fablico en el contexto de tu comentario.<\/p>\n<!-- \/wp:paragraph -->\n\n<!-- wp:heading -->\n<h2>Medios<\/h2>\n<!-- \/wp:heading -->\n\n<!-- wp:paragraph -->\n<p><strong class=\"privacy-policy-tutorial\">Texto sugerido: <\/strong>Si subes im\u00e1genes a la web, deber\u00edas evitar subir im\u00e1genes con datos de ubicaci\u00f3n (GPS EXIF) incluidos. Los visitantes de la web pueden descargar y extraer cualquier dato de ubicaci\u00f3n de las im\u00e1genes de la web.<\/p>\n<!-- \/wp:paragraph -->\n\n<!-- wp:heading -->\n<h2>Cookies<\/h2>\n<!-- \/wp:heading -->\n\n<!-- wp:paragraph -->\n<p><strong class=\"privacy-policy-tutorial\">Texto sugerido: <\/strong>Si dejas un comentario en nuestro sitio puedes elegir guardar tu nombre, direcci\u00f3n de correo electr\u00f3nico y web en cookies. Esto es para tu comodidad, para que no tengas que volver a rellenar tus datos cuando dejes otro comentario. Estas cookies tendr\u00e1n una duraci\u00f3n de un a\u00f1o.<\/p>\n<!-- \/wp:paragraph -->\n\n<!-- wp:paragraph -->\n<p>Si tienes una cuenta y te conectas a este sitio, instalaremos una cookie temporal para determinar si tu navegador acepta cookies. Esta cookie no contiene datos personales y se elimina al cerrar el navegador.<\/p>\n<!-- \/wp:paragraph -->\n\n<!-- wp:paragraph -->\n<p>Cuando accedas, tambi\u00e9n instalaremos varias cookies para guardar tu informaci\u00f3n de acceso y tus opciones de visualizaci\u00f3n de pantalla. Las cookies de acceso duran dos d\u00edas, y las cookies de opciones de pantalla duran un a\u00f1o. Si seleccionas \u00abRecu\u00e9rdarme\u00bb, tu acceso perdurar\u00e1 durante dos semanas. Si sales de tu cuenta, las cookies de acceso se eliminar\u00e1n.<\/p>\n<!-- \/wp:paragraph -->\n\n<!-- wp:paragraph -->\n<p>Si editas o publicas un art\u00edculo se guardar\u00e1 una cookie adicional en tu navegador. Esta cookie no incluye datos personales y simplemente indica el ID del art\u00edculo que acabas de editar. Caduca despu\u00e9s de 1 d\u00eda.<\/p>\n<!-- \/wp:paragraph -->\n\n<!-- wp:heading -->\n<h2>Contenido incrustado de otros sitios web<\/h2>\n<!-- \/wp:heading -->\n\n<!-- wp:paragraph -->\n<p><strong class=\"privacy-policy-tutorial\">Texto sugerido: <\/strong>Los art\u00edculos de este sitio pueden incluir contenido incrustado (por ejemplo, v\u00eddeos, im\u00e1genes, art\u00edculos, etc.). El contenido incrustado de otras webs se comporta exactamente de la misma manera que si el visitante hubiera visitado la otra web.<\/p>\n<!-- \/wp:paragraph -->\n\n<!-- wp:paragraph -->\n<p>Estas web pueden recopilar datos sobre ti, utilizar cookies, incrustar un seguimiento adicional de terceros, y supervisar tu interacci\u00f3n con ese contenido incrustado, incluido el seguimiento de tu interacci\u00f3n con el contenido incrustado si tienes una cuenta y est\u00e1s conectado a esa web.<\/p>\n<!-- \/wp:paragraph -->\n\n<!-- wp:heading -->\n<h2>Con qui\u00e9n compartimos tus datos<\/h2>\n<!-- \/wp:heading -->\n\n<!-- wp:paragraph -->\n<p><strong class=\"privacy-policy-tutorial\">Texto sugerido: <\/strong>Si solicitas un restablecimiento de contrase\u00f1a, tu direcci\u00f3n IP ser\u00e1 incluida en el correo electr\u00f3nico de restablecimiento.<\/p>\n<!-- \/wp:paragraph -->\n\n<!-- wp:heading -->\n<h2>Cu\u00e1nto tiempo conservamos tus datos<\/h2>\n<!-- \/wp:heading -->\n\n<!-- wp:paragraph -->\n<p><strong class=\"privacy-policy-tutorial\">Texto sugerido: <\/strong>Si dejas un comentario, el comentario y sus metadatos se conservan indefinidamente. Esto es para que podamos reconocer y aprobar comentarios sucesivos autom\u00e1ticamente, en lugar de mantenerlos en una cola de moderaci\u00f3n.<\/p>\n<!-- \/wp:paragraph -->\n\n<!-- wp:paragraph -->\n<p>De los usuarios que se registran en nuestra web (si los hay), tambi\u00e9n almacenamos la informaci\u00f3n personal que proporcionan en su perfil de usuario. Todos los usuarios pueden ver, editar o eliminar su informaci\u00f3n personal en cualquier momento (excepto que no pueden cambiar su nombre de usuario). Los administradores de la web tambi\u00e9n pueden ver y editar esa informaci\u00f3n.<\/p>\n<!-- \/wp:paragraph -->\n\n<!-- wp:heading -->\n<h2>Qu\u00e9 derechos tienes sobre tus datos<\/h2>\n<!-- \/wp:heading -->\n\n<!-- wp:paragraph -->\n<p><strong class=\"privacy-policy-tutorial\">Texto sugerido: <\/strong>Si tienes una cuenta o has dejado comentarios en esta web, puedes solicitar recibir un archivo de exportaci\u00f3n de los datos personales que tenemos sobre ti, incluyendo cualquier dato que nos hayas proporcionado. Tambi\u00e9n puedes solicitar que eliminemos cualquier dato personal que tengamos sobre ti. Esto no incluye ning\u00fan dato que estemos obligados a conservar con fines administrativos, legales o de seguridad.<\/p>\n<!-- \/wp:paragraph -->\n\n<!-- wp:heading -->\n<h2>D\u00f3nde se env\u00edan tus datos<\/h2>\n<!-- \/wp:heading -->\n\n<!-- wp:paragraph -->\n<p><strong class=\"privacy-policy-tutorial\">Texto sugerido: <\/strong>Los comentarios de los visitantes puede que los revise un servicio de detecci\u00f3n autom\u00e1tica de spam.<\/p>\n<!-- \/wp:paragraph -->","_et_gb_content_width":"","footnotes":""},"class_list":["post-3","page","type-page","status-publish","hentry"],"_links":{"self":[{"href":"https:\/\/ampacamilojosecela.es\/index.php\/wp-json\/wp\/v2\/pages\/3","targetHints":{"allow":["GET"]}}],"collection":[{"href":"https:\/\/ampacamilojosecela.es\/index.php\/wp-json\/wp\/v2\/pages"}],"about":[{"href":"https:\/\/ampacamilojosecela.es\/index.php\/wp-json\/wp\/v2\/types\/page"}],"author":[{"embeddable":true,"href":"https:\/\/ampacamilojosecela.es\/index.php\/wp-json\/wp\/v2\/users\/1"}],"replies":[{"embeddable":true,"href":"https:\/\/ampacamilojosecela.es\/index.php\/wp-json\/wp\/v2\/comments?post=3"}],"version-history":[{"count":3,"href":"https:\/\/ampacamilojosecela.es\/index.php\/wp-json\/wp\/v2\/pages\/3\/revisions"}],"predecessor-version":[{"id":393,"href":"https:\/\/ampacamilojosecela.es\/index.php\/wp-json\/wp\/v2\/pages\/3\/revisions\/393"}],"wp:attachment":[{"href":"https:\/\/ampacamilojosecela.es\/index.php\/wp-json\/wp\/v2\/media?parent=3"}],"curies":[{"name":"wp","href":"https:\/\/api.w.org\/{rel}","templated":true}]}}