{"id":210,"date":"2022-12-24T12:25:05","date_gmt":"2022-12-24T12:25:05","guid":{"rendered":"https:\/\/ampacamilojosecela.es\/2023\/?page_id=210"},"modified":"2025-05-08T16:56:34","modified_gmt":"2025-05-08T16:56:34","slug":"inscripcion-campamentos","status":"publish","type":"page","link":"https:\/\/ampacamilojosecela.es\/index.php\/inscripcion-campamentos\/","title":{"rendered":"Formulario de Campamentos"},"content":{"rendered":"<p>[et_pb_section fb_built=\u00bb1&#8243; fullwidth=\u00bbon\u00bb _builder_version=\u00bb4.19.4&#8243; _module_preset=\u00bbdefault\u00bb background_image=\u00bbhttps:\/\/ampacamilojosecela.es\/2023\/wp-content\/uploads\/2022\/12\/actividades.jpg\u00bb parallax=\u00bbon\u00bb min_height=\u00bb301px\u00bb custom_margin=\u00bb||-54px|||\u00bb global_colors_info=\u00bb{}\u00bb][et_pb_fullwidth_header title=\u00bbInscripci\u00f3n a Campamentos\u00bb subhead=\u00bbFormulario de Inscripci\u00f3n a nuestros Campamentos de Verano, Semana Santa y Navidad\u00bb _builder_version=\u00bb4.19.4&#8243; _module_preset=\u00bbdefault\u00bb background_color=\u00bbRGBA(255,255,255,0)\u00bb min_height=\u00bb209.8px\u00bb custom_padding=\u00bb||12px|||\u00bb global_colors_info=\u00bb{}\u00bb][\/et_pb_fullwidth_header][\/et_pb_section][et_pb_section fb_built=\u00bb1&#8243; _builder_version=\u00bb4.19.4&#8243; _module_preset=\u00bbdefault\u00bb custom_margin=\u00bb-5px|||||\u00bb custom_padding=\u00bb46px|||||\u00bb collapsed=\u00bboff\u00bb global_colors_info=\u00bb{}\u00bb][et_pb_row _builder_version=\u00bb4.19.4&#8243; _module_preset=\u00bbdefault\u00bb custom_margin=\u00bb|auto|-48px|auto||\u00bb custom_padding=\u00bb0px|||||\u00bb global_colors_info=\u00bb{}\u00bb][et_pb_column type=\u00bb4_4&#8243; _builder_version=\u00bb4.19.4&#8243; _module_preset=\u00bbdefault\u00bb global_colors_info=\u00bb{}\u00bb][et_pb_text _builder_version=\u00bb4.19.4&#8243; _module_preset=\u00bbdefault\u00bb global_colors_info=\u00bb{}\u00bb]<\/p>\n<p>Con el objetivo de conciliar la vida laboral y escolar, en nuestro colegio en Navidad, Semana Santa, Junio y Julio ten\u00e9is la posibilidad de apuntar a vuestros hijos a nuestros campamentos, donde cada a\u00f1o realizan actividades diferentes. <span>Cubre el horario desde las\u00a07.30 hasta las 5.<\/span><\/p>\n<p><span style=\"font-size: 14px;\">\u00a0<\/span><\/p>\n<p>[\/et_pb_text][\/et_pb_column][\/et_pb_row][et_pb_row column_structure=\u00bb1_3,1_3,1_3&#8243; _builder_version=\u00bb4.19.4&#8243; _module_preset=\u00bbdefault\u00bb custom_margin=\u00bb-39px|auto||auto||\u00bb custom_padding=\u00bb21px|||||\u00bb global_colors_info=\u00bb{}\u00bb][et_pb_column type=\u00bb1_3&#8243; _builder_version=\u00bb4.19.4&#8243; _module_preset=\u00bbdefault\u00bb global_colors_info=\u00bb{}\u00bb][et_pb_button button_url=\u00bbhttps:\/\/ampacamilojosecela.es\/wp-content\/uploads\/2024\/12\/Infor.-CAMP-URB-Navidad-24-25_CAMILO-def.pdf\u00bb button_text=\u00bbDossier Campamentos Navidad\u00bb _builder_version=\u00bb4.27.2&#8243; _module_preset=\u00bbdefault\u00bb global_colors_info=\u00bb{}\u00bb][\/et_pb_button][\/et_pb_column][et_pb_column type=\u00bb1_3&#8243; _builder_version=\u00bb4.19.4&#8243; _module_preset=\u00bbdefault\u00bb global_colors_info=\u00bb{}\u00bb][et_pb_button button_url=\u00bbhttps:\/\/ampacamilojosecela.es\/wp-content\/uploads\/2025\/03\/CAMPAMENTO-SEMANA-SANTA-2025_CAMILO.pdf\u00bb button_text=\u00bbDossier Campamentos Semana Santa\u00bb _builder_version=\u00bb4.27.2&#8243; _module_preset=\u00bbdefault\u00bb global_colors_info=\u00bb{}\u00bb][\/et_pb_button][\/et_pb_column][et_pb_column type=\u00bb1_3&#8243; _builder_version=\u00bb4.19.4&#8243; _module_preset=\u00bbdefault\u00bb global_colors_info=\u00bb{}\u00bb][et_pb_button button_url=\u00bbhttps:\/\/ampacamilojosecela.es\/wp-content\/uploads\/2025\/05\/CampamentoUrbano2025-1.pdf\u00bb button_text=\u00bbDossier Campamentos Verano\u00bb _builder_version=\u00bb4.27.2&#8243; _module_preset=\u00bbdefault\u00bb hover_enabled=\u00bb0&#8243; global_colors_info=\u00bb{}\u00bb sticky_enabled=\u00bb0&#8243;][\/et_pb_button][\/et_pb_column][\/et_pb_row][et_pb_row _builder_version=\u00bb4.19.4&#8243; _module_preset=\u00bbdefault\u00bb custom_margin=\u00bb|auto|-48px|auto||\u00bb custom_padding=\u00bb0px|||||\u00bb global_colors_info=\u00bb{}\u00bb][et_pb_column type=\u00bb4_4&#8243; _builder_version=\u00bb4.19.4&#8243; _module_preset=\u00bbdefault\u00bb global_colors_info=\u00bb{}\u00bb][et_pb_text _builder_version=\u00bb4.19.4&#8243; _module_preset=\u00bbdefault\u00bb custom_margin=\u00bb||2px|||\u00bb global_colors_info=\u00bb{}\u00bb]<\/p>\n<p><span><strong>\u00bfQUIENES PUEDEN ASISTIR?<\/strong><\/span>\u00a0<\/p>\n<div>\n<p><b>Art\u00edculo 145<\/b><\/p>\n<p align=\"justify\">Las actividades extraescolares de tarde ir\u00e1n destinadas \u00fanicamente a los alumnos de colegio. Las actividades extraescolares que se desarrollen en el horario de comedor ir\u00e1n destinadas \u00fanicamente a alumnos usuarios de comedor. Los\u00a0<span class=\"il\">Campamentos<\/span>\u00a0y las Jornadas de Escuela Abierta se regir\u00e1n por los siguientes criterios de admisi\u00f3n:<\/p>\n<ul>\n<li type=\"a\">Alumnos del centro.<\/li>\n<li type=\"a\">Alumnos de colegios p\u00fablicos del distrito Fuencarral-El Pardo.<\/li>\n<li type=\"a\">Alumnos de colegios p\u00fablicos de Madrid.<\/li>\n<li type=\"a\">Hijos de trabajadores del distrito Fuencarral-El Pardo.<\/li>\n<\/ul>\n<p align=\"justify\">En los casos b), c) y d) se establece la obligaci\u00f3n de justificar, por parte de los padres de los alumnos que no son del centro, que carecen de dicho servicio en su centro.<\/p>\n<\/div>\n<p><span style=\"font-size: 14px;\">\u00a0<\/span><\/p>\n<p>[\/et_pb_text][et_pb_text _builder_version=\u00bb4.19.4&#8243; _module_preset=\u00bbdefault\u00bb global_colors_info=\u00bb{}\u00bb]<\/p>\n<h3><span style=\"color: #333399;\">FORMULARIO DE INSCRIPCI\u00d3N A CAMPAMENTOS<\/span><\/h3>\n<p>[\/et_pb_text][et_pb_text _builder_version=\u00bb4.27.2&#8243; _module_preset=\u00bbdefault\u00bb global_colors_info=\u00bb{}\u00bb]<\/p>\n<p>Inscribe a nuestros campamentos a trav\u00e9s del siguiente enlace:<\/p>\n<p><a href=\"https:\/\/forms.gle\/yZgW2wm68rbj5n4S6\" target=\"_blank\" rel=\"noopener\">FORMULARIO DE INSCRIPCI\u00d3N A CAMPAMENTOS<\/a><\/p>\n<p>Si necesitas m\u00e1s informaci\u00f3n, ponte en contacto con Facei :<\/p>\n<h4 class=\"et_pb_module_header\"><span>FACEI SL<\/span><\/h4>\n<div class=\"et_pb_blurb_description\">\n<p><span>Personas de contacto : Flor Romo \/ Alejandro Mateo<\/span><br \/><span>Email:\u00a0<\/span><a href=\"mailto:info@faceisl.com\">info@faceisl.com<\/a><br \/><span>Web:\u00a0<\/span><a href=\"http:\/\/www.faceisl.com\/\">www.faceisl.com<\/a><\/p>\n<p><span>Tel\u00e9fonos:<\/span><\/p>\n<p><span>917 39 34 22 \/ 629 18 89 19 \/<\/span><span>\u00a0659 44 45 12<\/span><\/p>\n<\/div>\n<p>&nbsp;<\/p>\n<p>&nbsp;<\/p>\n<p>&nbsp;<\/p>\n<p>&nbsp;<\/p>\n<p>&nbsp;<\/p>\n<p>&nbsp;<\/p>\n<p>[\/et_pb_text][\/et_pb_column][\/et_pb_row][\/et_pb_section][et_pb_section fb_built=\u00bb1&#8243; admin_label=\u00bbFooter\u00bb _builder_version=\u00bb4.16&#8243; _module_preset=\u00bbdefault\u00bb background_color=\u00bb#000000&#8243; min_height=\u00bb455.7px\u00bb custom_margin=\u00bb-1px||-49px||false|false\u00bb global_module=\u00bb363&#8243; saved_tabs=\u00bball\u00bb global_colors_info=\u00bb{}\u00bb][et_pb_row column_structure=\u00bb1_4,1_4,1_4,1_4&#8243; use_custom_gutter=\u00bbon\u00bb gutter_width=\u00bb1&#8243; make_equal=\u00bbon\u00bb _builder_version=\u00bb4.19.4&#8243; _module_preset=\u00bbdefault\u00bb max_width=\u00bb1440px\u00bb custom_margin=\u00bb-90px||||false|false\u00bb custom_padding=\u00bb0px||||false|false\u00bb global_colors_info=\u00bb{}\u00bb][et_pb_column type=\u00bb1_4&#8243; _builder_version=\u00bb4.16&#8243; _module_preset=\u00bbdefault\u00bb background_color=\u00bb#F5C966&#8243; background_image=\u00bbhttps:\/\/ampacamilojosecela.es\/2023\/wp-content\/uploads\/2022\/12\/high-school_17.png\u00bb background_size=\u00bbinitial\u00bb background_position=\u00bbtop_right\u00bb background_repeat=\u00bbrepeat-y\u00bb custom_padding=\u00bb40px|40px|40px|20px|true|false\u00bb custom_padding_tablet=\u00bb40px||40px||true|false\u00bb custom_padding_phone=\u00bb30px|20px|30px|20px|true|true\u00bb custom_padding_last_edited=\u00bboff|desktop\u00bb global_colors_info=\u00bb{}\u00bb][et_pb_text _builder_version=\u00bb4.16&#8243; _module_preset=\u00bb5c989a74-8649-4b9a-a4a2-6d2b8ae2551c\u00bb header_4_font=\u00bbRoboto|700||on|||||\u00bb header_4_text_color=\u00bbrgba(255,255,255,0.5)\u00bb header_4_font_size=\u00bb12px\u00bb header_4_letter_spacing=\u00bb3px\u00bb header_4_line_height=\u00bb1.5em\u00bb custom_margin=\u00bb||0px||false|false\u00bb custom_margin_tablet=\u00bb30px||||false|false\u00bb custom_margin_phone=\u00bb20px||||false|false\u00bb custom_margin_last_edited=\u00bboff|desktop\u00bb locked=\u00bboff\u00bb global_colors_info=\u00bb{}\u00bb]<\/p>\n<h4>horario del centro<\/h4>\n<p>[\/et_pb_text][et_pb_text _builder_version=\u00bb4.19.4&#8243; _module_preset=\u00bbc2a3d585-c259-4e5a-8faa-710c0e634348&#8243; text_font=\u00bbRoboto|500|||||||\u00bb text_text_color=\u00bb#FFFFFF\u00bb text_font_size=\u00bb16px\u00bb text_line_height=\u00bb1.6em\u00bb header_5_text_color=\u00bb#FFFFFF\u00bb header_5_line_height=\u00bb1.8em\u00bb text_font_size_tablet=\u00bb15px\u00bb text_font_size_phone=\u00bb14px\u00bb text_font_size_last_edited=\u00bbon|desktop\u00bb header_font_size_tablet=\u00bb55px\u00bb header_font_size_last_edited=\u00bboff|desktop\u00bb locked=\u00bboff\u00bb global_colors_info=\u00bb{}\u00bb]<\/p>\n<p>Lunes a Viernes:<br \/>Primeros del cole 7:30-9:00<br \/>Clases 9:00-16:00<br \/>Extraescolares: 16:00 a 17:00 (y a mediod\u00eda en horario de comedor)<\/p>\n<p>C\u00d3DIGO DE CENTRO 28041755<\/p>\n<p>[\/et_pb_text][\/et_pb_column][et_pb_column type=\u00bb1_4&#8243; _builder_version=\u00bb4.16&#8243; _module_preset=\u00bbdefault\u00bb background_color=\u00bb#F7827E\u00bb background_image=\u00bbhttps:\/\/ampacamilojosecela.es\/2023\/wp-content\/uploads\/2022\/12\/high-school_17.png\u00bb background_size=\u00bbinitial\u00bb background_position=\u00bbtop_right\u00bb background_repeat=\u00bbrepeat-y\u00bb custom_padding=\u00bb40px|40px|40px|20px|true|false\u00bb global_colors_info=\u00bb{}\u00bb][et_pb_text _builder_version=\u00bb4.19.4&#8243; _module_preset=\u00bb5c989a74-8649-4b9a-a4a2-6d2b8ae2551c\u00bb header_4_font=\u00bbRoboto|700||on|||||\u00bb header_4_text_color=\u00bbrgba(255,255,255,0.5)\u00bb header_4_font_size=\u00bb12px\u00bb header_4_letter_spacing=\u00bb3px\u00bb header_4_line_height=\u00bb1.5em\u00bb custom_margin=\u00bb||0px||false|false\u00bb locked=\u00bboff\u00bb global_colors_info=\u00bb{}\u00bb]<\/p>\n<h4>Direcci\u00f3n del colegio<\/h4>\n<p>[\/et_pb_text][et_pb_text _builder_version=\u00bb4.19.4&#8243; _module_preset=\u00bbc2a3d585-c259-4e5a-8faa-710c0e634348&#8243; text_font=\u00bbRoboto|500|||||||\u00bb text_text_color=\u00bb#FFFFFF\u00bb text_font_size=\u00bb16px\u00bb text_line_height=\u00bb1.6em\u00bb header_5_text_color=\u00bb#FFFFFF\u00bb header_5_line_height=\u00bb1.8em\u00bb text_font_size_tablet=\u00bb15px\u00bb text_font_size_phone=\u00bb14px\u00bb text_font_size_last_edited=\u00bbon|desktop\u00bb header_font_size_tablet=\u00bb55px\u00bb header_font_size_last_edited=\u00bboff|desktop\u00bb locked=\u00bboff\u00bb global_colors_info=\u00bb{}\u00bb]Melchor Fern\u00e1ndez Almagro, 22<br \/>\n28029 Madrid[\/et_pb_text][\/et_pb_column][et_pb_column type=\u00bb1_4&#8243; _builder_version=\u00bb4.19.4&#8243; _module_preset=\u00bbdefault\u00bb background_color=\u00bb#C88BDA\u00bb background_image=\u00bbhttps:\/\/ampacamilojosecela.es\/2023\/wp-content\/uploads\/2022\/12\/high-school_17.png\u00bb background_size=\u00bbinitial\u00bb background_position=\u00bbtop_right\u00bb background_repeat=\u00bbrepeat-y\u00bb custom_padding=\u00bb40px|40px|40px|20px|true|false\u00bb global_colors_info=\u00bb{}\u00bb][et_pb_text _builder_version=\u00bb4.16&#8243; _module_preset=\u00bb5c989a74-8649-4b9a-a4a2-6d2b8ae2551c\u00bb header_4_font=\u00bbRoboto|700||on|||||\u00bb header_4_text_color=\u00bbrgba(255,255,255,0.5)\u00bb header_4_font_size=\u00bb12px\u00bb header_4_letter_spacing=\u00bb3px\u00bb header_4_line_height=\u00bb1.5em\u00bb custom_margin=\u00bb||0px||false|false\u00bb locked=\u00bboff\u00bb global_colors_info=\u00bb{}\u00bb]<\/p>\n<h4>Email<\/h4>\n<p>[\/et_pb_text][et_pb_text _builder_version=\u00bb4.19.4&#8243; _module_preset=\u00bbc2a3d585-c259-4e5a-8faa-710c0e634348&#8243; text_font=\u00bbRoboto|500|||||||\u00bb text_text_color=\u00bb#FFFFFF\u00bb text_font_size=\u00bb16px\u00bb text_line_height=\u00bb1.6em\u00bb link_text_color=\u00bb#FFFFFF\u00bb header_5_text_color=\u00bb#FFFFFF\u00bb header_5_line_height=\u00bb1.8em\u00bb text_font_size_tablet=\u00bb15px\u00bb text_font_size_phone=\u00bb14px\u00bb text_font_size_last_edited=\u00bbon|desktop\u00bb header_font_size_tablet=\u00bb55px\u00bb header_font_size_last_edited=\u00bboff|desktop\u00bb locked=\u00bboff\u00bb global_colors_info=\u00bb{}\u00bb]<\/p>\n<p><a href=\"mailto:ampa.camilojc@gmail.com\">ampa.camilojc@gmail.com<\/a><\/p>\n<p>[\/et_pb_text][\/et_pb_column][et_pb_column type=\u00bb1_4&#8243; _builder_version=\u00bb4.16&#8243; _module_preset=\u00bbdefault\u00bb background_color=\u00bb#62acac\u00bb background_image=\u00bbhttps:\/\/ampacamilojosecela.es\/2023\/wp-content\/uploads\/2022\/12\/high-school_17.png\u00bb background_size=\u00bbinitial\u00bb background_position=\u00bbtop_right\u00bb background_repeat=\u00bbrepeat-y\u00bb custom_padding=\u00bb40px|40px|40px|20px|true|false\u00bb global_colors_info=\u00bb{}\u00bb][et_pb_text _builder_version=\u00bb4.19.4&#8243; _module_preset=\u00bb5c989a74-8649-4b9a-a4a2-6d2b8ae2551c\u00bb header_4_font=\u00bbRoboto|700||on|||||\u00bb header_4_text_color=\u00bbrgba(255,255,255,0.5)\u00bb header_4_font_size=\u00bb12px\u00bb header_4_letter_spacing=\u00bb3px\u00bb header_4_line_height=\u00bb1.5em\u00bb custom_margin=\u00bb||0px||false|false\u00bb custom_margin_last_edited=\u00bboff|desktop\u00bb locked=\u00bboff\u00bb global_colors_info=\u00bb{}\u00bb]<\/p>\n<h4>CONTACTA CON EL COLEGIO<\/h4>\n<p>[\/et_pb_text][et_pb_text _builder_version=\u00bb4.19.4&#8243; _module_preset=\u00bbc2a3d585-c259-4e5a-8faa-710c0e634348&#8243; text_font=\u00bbRoboto|500|||||||\u00bb text_text_color=\u00bb#FFFFFF\u00bb text_font_size=\u00bb16px\u00bb text_line_height=\u00bb1.6em\u00bb link_text_color=\u00bb#FFFFFF\u00bb header_5_text_color=\u00bb#FFFFFF\u00bb header_5_line_height=\u00bb1.8em\u00bb text_font_size_tablet=\u00bb15px\u00bb text_font_size_phone=\u00bb14px\u00bb text_font_size_last_edited=\u00bbon|desktop\u00bb header_font_size_tablet=\u00bb55px\u00bb header_font_size_last_edited=\u00bboff|desktop\u00bb locked=\u00bboff\u00bb global_colors_info=\u00bb{}\u00bb]<\/p>\n<p><strong>Direcci\u00f3n:<\/strong> <a href=\"mailto:cp.cela.madrid@educa.madrid.org\">cp.cela.madrid@educa.madrid.org<\/a><br \/>Secretar\u00eda: <a href=\"mailto:secretaria.cp.cela.madrid@educa.madrid.org\">secretaria.cp.cela.madrid@educa.madrid.org<\/a><br \/>Tel\u00e9fono: <a href=\"tel:917392424\">91 739 24 24<\/a><br \/>Fax: 91 378 15 07\u00a0<\/p>\n<p>[\/et_pb_text][\/et_pb_column][\/et_pb_row][et_pb_row column_structure=\u00bb1_4,1_4,1_4,1_4&#8243; _builder_version=\u00bb4.19.4&#8243; _module_preset=\u00bbdefault\u00bb max_height=\u00bb192px\u00bb global_colors_info=\u00bb{}\u00bb][et_pb_column type=\u00bb1_4&#8243; _builder_version=\u00bb4.16&#8243; _module_preset=\u00bbdefault\u00bb global_colors_info=\u00bb{}\u00bb][et_pb_image src=\u00bbhttps:\/\/ampacamilojosecela.es\/2023\/wp-content\/uploads\/2022\/12\/Recurso-5.png\u00bb title_text=\u00bbRecurso-5&#8243; _builder_version=\u00bb4.19.4&#8243; _module_preset=\u00bbdefault\u00bb global_colors_info=\u00bb{}\u00bb][\/et_pb_image][\/et_pb_column][et_pb_column type=\u00bb1_4&#8243; _builder_version=\u00bb4.16&#8243; _module_preset=\u00bbdefault\u00bb global_colors_info=\u00bb{}\u00bb][et_pb_text _builder_version=\u00bb4.19.4&#8243; _module_preset=\u00bb5c989a74-8649-4b9a-a4a2-6d2b8ae2551c\u00bb header_4_font=\u00bbRoboto|700||on|||||\u00bb header_4_text_color=\u00bb#FFFFFF\u00bb header_4_font_size=\u00bb12px\u00bb header_4_letter_spacing=\u00bb3px\u00bb header_4_line_height=\u00bb1.5em\u00bb header_5_text_color=\u00bb#FFFFFF\u00bb custom_margin=\u00bb||0px||false|false\u00bb locked=\u00bboff\u00bb global_colors_info=\u00bb{}\u00bb]<\/p>\n<h4>COLEGIO<\/h4>\n<p>[\/et_pb_text][et_pb_text _builder_version=\u00bb4.19.4&#8243; _module_preset=\u00bb7262e956-c376-4aa6-9642-c413f71527d0&#8243; text_line_height=\u00bb1.8em\u00bb link_text_color=\u00bb#FFFFFF\u00bb link_line_height=\u00bb1.2em\u00bb header_font_size_tablet=\u00bb55px\u00bb header_font_size_last_edited=\u00bboff|desktop\u00bb locked=\u00bboff\u00bb global_colors_info=\u00bb{}\u00bb]<\/p>\n<p><a href=\"https:\/\/site.educa.madrid.org\/cp.cela.madrid\/\">Web del Colegio<\/a><\/p>\n<p>&nbsp;<\/p>\n<p>[\/et_pb_text][\/et_pb_column][et_pb_column type=\u00bb1_4&#8243; _builder_version=\u00bb4.16&#8243; _module_preset=\u00bbdefault\u00bb global_colors_info=\u00bb{}\u00bb][et_pb_text _builder_version=\u00bb4.19.4&#8243; _module_preset=\u00bb5c989a74-8649-4b9a-a4a2-6d2b8ae2551c\u00bb header_4_font=\u00bbRoboto|700||on|||||\u00bb header_4_text_color=\u00bb#FFFFFF\u00bb header_4_font_size=\u00bb12px\u00bb header_4_letter_spacing=\u00bb3px\u00bb header_4_line_height=\u00bb1.5em\u00bb header_5_text_color=\u00bb#FFFFFF\u00bb custom_margin=\u00bb||0px||false|false\u00bb locked=\u00bboff\u00bb global_colors_info=\u00bb{}\u00bb]<\/p>\n<h4>AMPA<\/h4>\n<p>[\/et_pb_text][et_pb_text _builder_version=\u00bb4.19.4&#8243; _module_preset=\u00bb7262e956-c376-4aa6-9642-c413f71527d0&#8243; text_line_height=\u00bb1.8em\u00bb link_text_color=\u00bb#FFFFFF\u00bb link_line_height=\u00bb1.2em\u00bb header_font_size_tablet=\u00bb55px\u00bb header_font_size_last_edited=\u00bboff|desktop\u00bb locked=\u00bboff\u00bb global_colors_info=\u00bb{}\u00bb]<\/p>\n<p><a href=\"https:\/\/ampacamilojosecela.es\/index.php\/politica-privacidad\/\">Pol\u00edtica de privacidad<\/a><br \/><a href=\"https:\/\/ampacamilojosecela.es\/index.php\/cookies-policy\/\">Pol\u00edtica de cookies<\/a><\/p>\n<p>[\/et_pb_text][\/et_pb_column][et_pb_column type=\u00bb1_4&#8243; _builder_version=\u00bb4.16&#8243; _module_preset=\u00bbdefault\u00bb global_colors_info=\u00bb{}\u00bb][et_pb_text _builder_version=\u00bb4.19.4&#8243; _module_preset=\u00bb5c989a74-8649-4b9a-a4a2-6d2b8ae2551c\u00bb header_4_font=\u00bbRoboto|700||on|||||\u00bb header_4_text_color=\u00bb#FFFFFF\u00bb header_4_font_size=\u00bb12px\u00bb header_4_letter_spacing=\u00bb3px\u00bb header_4_line_height=\u00bb1.5em\u00bb header_5_text_color=\u00bb#FFFFFF\u00bb custom_margin=\u00bb||0px||false|false\u00bb locked=\u00bboff\u00bb global_colors_info=\u00bb{}\u00bb]<\/p>\n<h4>ACTIVIDADES<\/h4>\n<p>[\/et_pb_text][et_pb_text _builder_version=\u00bb4.19.4&#8243; _module_preset=\u00bb7262e956-c376-4aa6-9642-c413f71527d0&#8243; text_line_height=\u00bb1.8em\u00bb link_text_color=\u00bb#FFFFFF\u00bb link_line_height=\u00bb1.2em\u00bb header_font_size_tablet=\u00bb55px\u00bb header_font_size_last_edited=\u00bboff|desktop\u00bb locked=\u00bboff\u00bb global_colors_info=\u00bb{}\u00bb]<\/p>\n<p><a href=\"https:\/\/ampacamilojosecela.es\/index.php\/actividades\/\">Actividades del AMPA<\/a><br \/><a href=\"https:\/\/ampacamilojosecela.es\/index.php\/formularios-de-inscripcion\/\">Formularios de inscripci\u00f3n<\/a><br \/><a href=\"https:\/\/ampacamilojosecela.es\/index.php\/ultimas-noticias\/\">\u00daltimas noticias<\/a><\/p>\n<p>[\/et_pb_text][\/et_pb_column][\/et_pb_row][\/et_pb_section]<\/p>\n","protected":false},"excerpt":{"rendered":"<p>Con el objetivo de conciliar la vida laboral y escolar, en nuestro colegio en Navidad, Semana Santa, Junio y Julio ten\u00e9is la posibilidad de apuntar a vuestros hijos a nuestros campamentos, donde cada a\u00f1o realizan actividades diferentes. Cubre el horario desde las\u00a07.30 hasta las 5. \u00a0\u00bfQUIENES PUEDEN ASISTIR?\u00a0 Art\u00edculo 145 Las actividades extraescolares de tarde [&hellip;]<\/p>\n","protected":false},"author":1,"featured_media":0,"parent":0,"menu_order":0,"comment_status":"closed","ping_status":"closed","template":"","meta":{"_et_pb_use_builder":"on","_et_pb_old_content":"","_et_gb_content_width":"","footnotes":""},"class_list":["post-210","page","type-page","status-publish","hentry"],"_links":{"self":[{"href":"https:\/\/ampacamilojosecela.es\/index.php\/wp-json\/wp\/v2\/pages\/210","targetHints":{"allow":["GET"]}}],"collection":[{"href":"https:\/\/ampacamilojosecela.es\/index.php\/wp-json\/wp\/v2\/pages"}],"about":[{"href":"https:\/\/ampacamilojosecela.es\/index.php\/wp-json\/wp\/v2\/types\/page"}],"author":[{"embeddable":true,"href":"https:\/\/ampacamilojosecela.es\/index.php\/wp-json\/wp\/v2\/users\/1"}],"replies":[{"embeddable":true,"href":"https:\/\/ampacamilojosecela.es\/index.php\/wp-json\/wp\/v2\/comments?post=210"}],"version-history":[{"count":27,"href":"https:\/\/ampacamilojosecela.es\/index.php\/wp-json\/wp\/v2\/pages\/210\/revisions"}],"predecessor-version":[{"id":1530,"href":"https:\/\/ampacamilojosecela.es\/index.php\/wp-json\/wp\/v2\/pages\/210\/revisions\/1530"}],"wp:attachment":[{"href":"https:\/\/ampacamilojosecela.es\/index.php\/wp-json\/wp\/v2\/media?parent=210"}],"curies":[{"name":"wp","href":"https:\/\/api.w.org\/{rel}","templated":true}]}}