{"id":107,"date":"2022-12-23T21:25:44","date_gmt":"2022-12-23T21:25:44","guid":{"rendered":"https:\/\/ampacamilojosecela.es\/2023\/?page_id=107"},"modified":"2024-10-29T16:40:44","modified_gmt":"2024-10-29T16:40:44","slug":"quienes-somos","status":"publish","type":"page","link":"https:\/\/ampacamilojosecela.es\/index.php\/quienes-somos\/","title":{"rendered":"Qui\u00e9nes somos"},"content":{"rendered":"<p>[et_pb_section fb_built=\u00bb1&#8243; fullwidth=\u00bbon\u00bb _builder_version=\u00bb4.19.4&#8243; _module_preset=\u00bbdefault\u00bb background_color=\u00bbRGBA(255,255,255,0)\u00bb background_image=\u00bbhttps:\/\/ampacamilojosecela.es\/2023\/wp-content\/uploads\/2022\/12\/bienvenidos-ampa.jpg\u00bb global_colors_info=\u00bb{}\u00bb][et_pb_fullwidth_header title=\u00bb\u00bfQuienes somos?\u00bb subhead=\u00bbQu\u00e9 hace el AMPA, Junta directiva, nuestros estatutos y comisiones de trabajo\u00bb _builder_version=\u00bb4.19.4&#8243; _module_preset=\u00bbdefault\u00bb background_image=\u00bbhttps:\/\/ampacamilojosecela.es\/2023\/wp-content\/uploads\/2022\/12\/bienvenidos-ampa2.jpg\u00bb background_position=\u00bbcenter_left\u00bb min_height=\u00bb222.8px\u00bb custom_padding=\u00bb||12px|||\u00bb global_colors_info=\u00bb{}\u00bb][\/et_pb_fullwidth_header][\/et_pb_section][et_pb_section fb_built=\u00bb1&#8243; _builder_version=\u00bb4.19.4&#8243; _module_preset=\u00bbdefault\u00bb custom_margin=\u00bb34px|||||\u00bb collapsed=\u00bboff\u00bb global_colors_info=\u00bb{}\u00bb][et_pb_row _builder_version=\u00bb4.19.4&#8243; _module_preset=\u00bbdefault\u00bb custom_margin=\u00bb|auto|-48px|auto||\u00bb custom_padding=\u00bb0px|||||\u00bb global_colors_info=\u00bb{}\u00bb][et_pb_column type=\u00bb4_4&#8243; _builder_version=\u00bb4.19.4&#8243; _module_preset=\u00bbdefault\u00bb global_colors_info=\u00bb{}\u00bb][et_pb_slider use_bg_overlay=\u00bboff\u00bb use_text_overlay=\u00bbon\u00bb text_overlay_color=\u00bbRGBA(255,255,255,0)\u00bb text_border_radius=\u00bb0px\u00bb arrows_custom_color=\u00bb#00457A\u00bb dot_nav_custom_color=\u00bb#00457A\u00bb _builder_version=\u00bb4.27.2&#8243; _module_preset=\u00bbdefault\u00bb header_text_color=\u00bb#00457A\u00bb body_text_color=\u00bb#00457A\u00bb body_line_height=\u00bb1.5em\u00bb width=\u00bb100%\u00bb max_width=\u00bb100%\u00bb min_height=\u00bb230px\u00bb height=\u00bb424px\u00bb max_height=\u00bb650px\u00bb custom_margin=\u00bb||90px||false|false\u00bb custom_padding=\u00bb20px||56px||false|false\u00bb hover_enabled=\u00bb0&#8243; border_width_bottom_image=\u00bb20px\u00bb global_colors_info=\u00bb{}\u00bb sticky_enabled=\u00bb0&#8243;][et_pb_slide heading=\u00bb\u00bfQui\u00e9nes somos?\u00bb _builder_version=\u00bb4.27.2&#8243; _module_preset=\u00bbdefault\u00bb background_color=\u00bb#FFFFFF\u00bb background_enable_color=\u00bbon\u00bb hover_enabled=\u00bb0&#8243; global_colors_info=\u00bb{}\u00bb sticky_transition=\u00bbon\u00bb sticky_enabled=\u00bb0&#8243;]<\/p>\n<p>A continuaci\u00f3n ten\u00e9is los nombres de la Junta Directiva, elegida en la \u00faltima Asamblea (octubre 2024):<br \/><span class=\"animated\"><strong><span lang=\"ES\" class=\"animated\">Presidenta:<\/span><\/strong><\/span><span lang=\"ES\" class=\"animated\"> Pilar Collantes<\/span><br \/><strong><span lang=\"ES\" class=\"animated\">Vicepresidenta: <\/span><\/strong><span lang=\"ES\" class=\"animated\">Mar\u00eda Sig\u00fcenza<\/span><br \/><span class=\"animated\"><strong><span lang=\"ES\" class=\"animated\">Secretaria<\/span><\/strong><\/span><span lang=\"ES\" class=\"animated\"><span class=\"animated\"><strong>:<\/strong><span>\u00a0<\/span><\/span> Leire Frisuelos<\/span><br \/><span lang=\"ES\" class=\"animated\"><strong><span class=\"animated\">Tesorero: \u00a0<\/span><\/strong>\u00a0Manuel Naval\u00f3n<\/span><br \/><span lang=\"ES\" class=\"animated\"><strong><span class=\"animated\">Vocales: <\/span><\/strong>Luc\u00eda Garc\u00eda, Paloma Ortiz de Zugasti Bau, Mar\u00eda G\u00f3mez Vanini, Ana Isabel Rodr\u00edguez Villota, Ainhoa Ceballos Hern\u00e1ndez<\/span><\/p>\n<p><span lang=\"ES\" class=\"animated\"><strong>Colaboradores:<\/strong> Laura Reig, Sergio S\u00e1nchez<\/span><\/p>\n<p>Queremos transmitiros que estamos a disposici\u00f3n de todas las familias del cole, y aunque disponemos de poco tiempo, tenemos much\u00edsimas ganas de intentarlo. Si adem\u00e1s contamos con vuestra ayuda (por peque\u00f1a que sea), todo ser\u00e1 mucho m\u00e1s f\u00e1cil.<\/p>\n<p>\u00a1Son bienvenidas, vuestras ideas, vuestra participaci\u00f3n y vuestra colaboraci\u00f3n!<\/p>\n<p>[\/et_pb_slide][et_pb_slide heading=\u00bbActividades Extraescolares\u00bb image=\u00bbhttps:\/\/ampacamilojosecela.es\/2023\/wp-content\/uploads\/2022\/12\/balet.jpg\u00bb use_bg_overlay=\u00bboff\u00bb use_text_overlay=\u00bboff\u00bb _builder_version=\u00bb4.19.4&#8243; _module_preset=\u00bbdefault\u00bb body_text_color=\u00bb#00438A\u00bb background_color=\u00bbrgba(31,48,183,0.1)\u00bb background_enable_color=\u00bbon\u00bb global_colors_info=\u00bb{}\u00bb sticky_transition=\u00bbon\u00bb]<\/p>\n<p>&nbsp;<\/p>\n<p>Durante el verano se abre el plazo para la inscripci\u00f3n a las actividades extraescolares. Este plazo permanece cerrado durante al menos dos semanas en septiembre-octubre, para que el 1 de octubre se puedan comenzar todas las clases con normalidad.<\/p>\n<p>[\/et_pb_slide][et_pb_slide heading=\u00bbFiestas\u00bb image=\u00bbhttps:\/\/ampacamilojosecela.es\/2023\/wp-content\/uploads\/2022\/12\/inicio.jpg\u00bb use_text_overlay=\u00bbon\u00bb text_overlay_color=\u00bbRGBA(255,255,255,0)\u00bb _builder_version=\u00bb4.19.4&#8243; _module_preset=\u00bbdefault\u00bb background_color=\u00bbrgba(136,196,221,0.24)\u00bb background_enable_color=\u00bbon\u00bb box_shadow_style_image=\u00bbpreset3&#8243; box_shadow_horizontal_image=\u00bb-1px\u00bb global_colors_info=\u00bb{}\u00bb sticky_transition=\u00bbon\u00bb]<\/p>\n<p>Realizamos m\u00faltiples fiestas y eventos a lo largo del curso, \u00a0\u00a1 te animamos a participar!<\/p>\n<p>Desde la AMPA queremos buscar momentos de encuentro de toda la Comunidad Educativa , la Copa de Navidad, Halloween, Carnaval y la Fiesta primavera es una oportunidad para ello.<\/p>\n<p>Con la participaci\u00f3n de todos y todas hacemos que pueda llevarse a cabo,contamos con colaboraci\u00f3n de madres y padres voluntarios que nos ayudan a llevarlo a cabo<\/p>\n<p>[\/et_pb_slide][et_pb_slide heading=\u00bbEscuela de Familias\u00bb image=\u00bbhttps:\/\/ampacamilojosecela.es\/2023\/wp-content\/uploads\/2022\/12\/escuelafamilias.jpg\u00bb use_text_overlay=\u00bbon\u00bb text_overlay_color=\u00bbRGBA(255,255,255,0)\u00bb _builder_version=\u00bb4.19.4&#8243; _module_preset=\u00bbdefault\u00bb body_line_height=\u00bb1.4em\u00bb background_color=\u00bbrgba(46,163,242,0.24)\u00bb background_enable_color=\u00bbon\u00bb width=\u00bb100%\u00bb global_colors_info=\u00bb{}\u00bb sticky_transition=\u00bbon\u00bb]<\/p>\n<p>En nuestra escuela de familias todos los meses realizamos varias actividades para los padres, y si no puedes dejar a tus ni\u00f1os, \u00a1no importa! Tenemos servicio de guarder\u00eda con monitoras cualificadas. Tambi\u00e9n realizamos cuentacuentos, cine en el colegio y muchas actividades para los ni\u00f1os.<\/p>\n<p><strong><span>La escuela de padres pretende s<\/span><\/strong>er un lugar de encuentro para intercambiar experiencias y reflexionar, que nos ayude a mejorar la calidad educativa en la familia e implicar activamente a toda la comunidad educativa<\/p>\n<p>[\/et_pb_slide][et_pb_slide heading=\u00bbCampamentos\u00bb image=\u00bbhttps:\/\/ampacamilojosecela.es\/2023\/wp-content\/uploads\/2022\/12\/campamentos.jpg\u00bb use_text_overlay=\u00bbon\u00bb text_overlay_color=\u00bbRGBA(255,255,255,0)\u00bb _builder_version=\u00bb4.19.4&#8243; _module_preset=\u00bbdefault\u00bb body_text_color=\u00bb#00457A\u00bb background_color=\u00bbrgba(239,184,43,0.11)\u00bb background_enable_color=\u00bbon\u00bb global_colors_info=\u00bb{}\u00bb sticky_transition=\u00bbon\u00bb]<\/p>\n<p><span>Con el objetivo de conciliar la vida laboral y escolar, en nuestro colegio en Navidad, Semana Santa, Junio y Julio\u00a0ten\u00e9is la posibilidad de apuntar a vuestros hijos a nuestros campamentos, donde cada a\u00f1o realizan actividades diferentes.<\/span><\/p>\n<p>[\/et_pb_slide][et_pb_slide heading=\u00bbLudoteca\u00bb image=\u00bbhttps:\/\/ampacamilojosecela.es\/2023\/wp-content\/uploads\/2022\/12\/ludoteca2.jpg\u00bb use_bg_overlay=\u00bboff\u00bb use_text_overlay=\u00bbon\u00bb text_overlay_color=\u00bbRGBA(255,255,255,0)\u00bb _builder_version=\u00bb4.19.4&#8243; _module_preset=\u00bbdefault\u00bb background_color=\u00bbrgba(124,218,36,0.18)\u00bb background_enable_color=\u00bbon\u00bb global_colors_info=\u00bb{}\u00bb sticky_transition=\u00bbon\u00bb]<\/p>\n<p>En Junio y Septiembre para los alumnos del colegio, ofertamos actividad de Ludoteca, de una o dos horas de duraci\u00f3n, con posibilidad de combinarlo con clases de ingl\u00e9s de la academia Fun Learning.<\/p>\n<p>[\/et_pb_slide][et_pb_slide heading=\u00bbD\u00edas de cole abierto\u00bb image=\u00bbhttps:\/\/ampacamilojosecela.es\/2023\/wp-content\/uploads\/2022\/12\/diacoleabierto.jpg\u00bb use_text_overlay=\u00bbon\u00bb text_overlay_color=\u00bbRGBA(255,255,255,0)\u00bb _builder_version=\u00bb4.19.4&#8243; _module_preset=\u00bbdefault\u00bb background_color=\u00bbrgba(224,43,32,0.14)\u00bb background_enable_color=\u00bbon\u00bb global_colors_info=\u00bb{}\u00bb sticky_transition=\u00bbon\u00bb]<\/p>\n<p><span>Para dar soluciones a los padres que en d\u00edas no lectivos pero s\u00ed laborables, \u00a0desde el AMPA organizamos d\u00edas de cole abierto, con actividades l\u00fadicas para los ni\u00f1os y cubriendo todo el horario, desde desayunos si lo necesitan hasta las 5 de la tarde.<\/span><\/p>\n<p>[\/et_pb_slide][et_pb_slide heading=\u00bbCambio de Ropa\u00bb image=\u00bbhttps:\/\/ampacamilojosecela.es\/2023\/wp-content\/uploads\/2022\/12\/cambioRopa-1.jpg\u00bb use_text_overlay=\u00bbon\u00bb text_overlay_color=\u00bbRGBA(255,255,255,0)\u00bb _builder_version=\u00bb4.19.4&#8243; _module_preset=\u00bbdefault\u00bb background_color=\u00bbrgba(99,198,37,0.08)\u00bb background_enable_color=\u00bbon\u00bb global_colors_info=\u00bb{}\u00bb sticky_transition=\u00bbon\u00bb]<\/p>\n<p>Con un compromiso durante toda la etapa infantil, aseguramos que el servicio pueda prestarse para aquellas familias que lo necesiten. Todos los cursos en la reuni\u00f3n de padres que organiza el Colegio, el AMPA asiste para informaros.<\/p>\n<p>[\/et_pb_slide][\/et_pb_slider][et_pb_text _builder_version=\u00bb4.19.4&#8243; _module_preset=\u00bbdefault\u00bb custom_margin=\u00bb-34px|||||\u00bb global_colors_info=\u00bb{}\u00bb]<\/p>\n<p>La Asociaci\u00f3n de Madres y Padres de alumnos y alumnas Camilo Jos\u00e9 Cela queremos daros la bienvenida a todas las familias.<\/p>\n<p>Nuestra asociaci\u00f3n tiene como principal objetivo contribuir a mejorar la calidad de la ense\u00f1anza y la atenci\u00f3n que nuestros hijos e hijas reciben en el Colegio Camilo Jos\u00e9 Cela. Para ello os queremos ayudar, a las madres y padres que dej\u00e1is aqu\u00ed a vuestros hijos, a conciliar vuestra vida laboral y familiar con una oferta de servicios y actividades extraescolares amplia, variable seg\u00fan vuestra demanda. Y tambi\u00e9n colaborar con el Colegio a llevar a cabo su Proyecto Educativo.<\/p>\n<p>Para que tu voz, como madre o padre, tus ideas o propuestas tengan eco:<strong>\u00a0\u00a1Ven a conocernos y hazte socio\/a!<\/strong><\/p>\n<p><span style=\"font-size: 14px;\">\u00a0<\/span><\/p>\n<p>[\/et_pb_text][\/et_pb_column][\/et_pb_row][et_pb_row _builder_version=\u00bb4.19.4&#8243; _module_preset=\u00bbdefault\u00bb global_colors_info=\u00bb{}\u00bb][et_pb_column type=\u00bb4_4&#8243; _builder_version=\u00bb4.19.4&#8243; _module_preset=\u00bbdefault\u00bb global_colors_info=\u00bb{}\u00bb][et_pb_toggle title=\u00bb\u00bfQu\u00e9 hacemos en el AMPA?\u00bb open_toggle_text_color=\u00bb#00457A\u00bb open_toggle_background_color=\u00bb#FFFFFF\u00bb closed_toggle_text_color=\u00bb#00457A\u00bb closed_toggle_background_color=\u00bb#FFFFFF\u00bb icon_color=\u00bb#00457A\u00bb _builder_version=\u00bb4.19.4&#8243; _module_preset=\u00bbdefault\u00bb title_text_color=\u00bb#FFFFFF\u00bb border_color_all=\u00bb#00457A\u00bb global_colors_info=\u00bb{}\u00bb]<\/p>\n<div>\n<div class=\"sites-layout-tile sites-tile-name-header\">\n<div dir=\"ltr\">\n<p>Desde la Junta Directiva, tratamos de colaborar con todos aquellos que intervienen en la educaci\u00f3n de nuestros hijos, con la Direcci\u00f3n del colegio, las profesoras, la Junta de distrito y el Concejal de Educaci\u00f3n, y procurando poner nuestro granito de arena con las Actividades del Ampa, y las Actividades Extraescolares desarrolladas por las empresas que a\u00f1o a a\u00f1o se esfuerzan en mejorar a\u00fan m\u00e1s la oferta de actividades para nuestros hijos.<\/p>\n<h5><span class=\"animated\"><strong>\u00bfQU\u00c9 HACEMOS?<\/strong><\/span><\/h5>\n<p>1. Organizamos las<a href=\"https:\/\/ampacamilo.esy.es\/aextraescolares\/\"><span>\u00a0<\/span><strong><span class=\"animated\">Actividades Extraescolares<\/span><span>\u00a0<\/span><\/strong><\/a>del centro.<\/p>\n<p>2. Buscamos la conciliaci\u00f3n de la vida laboral y la vida escolar con<span>\u00a0<\/span><span class=\"animated\"><strong><a href=\"https:\/\/ampacamilojosecela.es\/actividadesampa-2\/ludoteca\/\">Ludoteca<\/a><span>\u00a0<\/span>y<span>\u00a0<\/span><a href=\"https:\/\/ampacamilojosecela.es\/actividadesampa-2\/campamentos\/\">Campamentos de verano<\/a><\/strong><\/span>\u00a0en d\u00edas no lectivos<\/p>\n<p>3. Realizamos Actividades para los padres, muchas de ellas para toda la familia, en nuestra Escuela de Padres<\/p>\n<p>4. Organizamos las<a href=\"https:\/\/ampacamilo.esy.es\/actividadesampa-2\/fiestas\/\"><strong><span class=\"animated\"><span>\u00a0<\/span>Fiestas de Navidad, Carnaval, y Fin de Curso del colegio\u00a0<\/span><\/strong><\/a>y la visita de los<span class=\"animated\"><strong><span>\u00a0<\/span>Reyes Magos a Infantil<\/strong>.<\/span><\/p>\n<p>5.<span>\u00a0<\/span><span class=\"animated\"><strong>Informamos a las familias<\/strong><\/span><span>\u00a0<\/span>de todo aquello relacionado con la<strong><span class=\"animated\"><span>\u00a0<\/span>FAPA<\/span><\/strong><span>\u00a0<\/span>(Federaci\u00f3n de Ampas Giner de los R\u00edos) a la que pertenecemos, as\u00ed como de la<span>\u00a0<\/span><strong><span class=\"animated\">CEAPA<\/span><\/strong><span>\u00a0<\/span>(Confederaci\u00f3n de FAPAS, que las agrupa).<\/p>\n<p>6.Acudimos a las<span>\u00a0<\/span><strong><span class=\"animated\">reuniones con el Concejal de Educaci\u00f3n y dem\u00e1s ampas del distrito Fuencarral \u2013 El pardo<\/span><\/strong><span>\u00a0<\/span>para transmitir las necesidades de nuestro centro y crear proyectos como los actuales\u00a0(Proyecto de Acoso Escolar, Proyecto para trayecto seguro al colegio)<\/p>\n<p><span style=\"font-size: 14px;\">7. Representamos a los padres de la asociaci\u00f3n en el<\/span><span style=\"font-size: 14px;\">\u00a0<\/span><strong style=\"font-size: 14px;\"><span class=\"animated\">Consejo Escolar<\/span><\/strong><\/p>\n<p>8. Y mantenemos<span>\u00a0<\/span><strong><span class=\"animated\">un di\u00e1logo continuo con la\u00a0<a title=\"Equipo Directivo del colegio Juan de Vald\u00e9s\" href=\"http:\/\/www.juandevaldes.es\/es\/equipo-directivo\">Direcci\u00f3n<\/a><span>\u00a0<\/span>del colegio<\/span><\/strong><span>\u00a0<\/span>en reuniones en las que se tratan los temas que preocupan a los asociados y se intercambian novedades y propuestas tanto del Colegio como de los padres de alumnos.<\/p>\n<\/div>\n<\/div>\n<p>Todos nosotros os animamos a participar en nuestra Ampa, bien present\u00e1ndoos en a los cargos que se renuevan cada dos a\u00f1os, o colaborando espor\u00e1dicamente o de forma continua.<\/p>\n<p>Toda ayuda es poca, y es muy bienvenida.<\/p>\n<\/div>\n<h5><span class=\"animated\"><strong>\u00bfCOMO FUNCIONAMOS?<\/strong><\/span><\/h5>\n<p>C\u00f3mo m\u00ednimo se celebran 1 o 2 asambleas al a\u00f1o. Una al comienzo del curso, y la otra al finalizar el mismo.<\/p>\n<p>Previamente se anuncian los puntos a tratar envi\u00e1ndoos tanto el borrador del acta de la \u00faltima asamblea, como el orden del d\u00eda de la siguiente Asamblea. \u00a0Las asambleas suelen realizarse un viernes, para facilitar la asistencia, y contamos con servicio de guarder\u00eda financiado por el Ampa, y gratuito para aquellos padres que lo necesiten.<\/p>\n<p>Os animamos a asociaros, ya que es una forma de conocer con m\u00e1s detalle la vida escolar del centro de nuestros peques.<\/p>\n<p>Normalmente las<strong><span class=\"animated\"><span>\u00a0<\/span>comunicaciones a las familias<\/span><\/strong><span>\u00a0<\/span>se hacen de tres\u00a0formas: a trav\u00e9s de correo electr\u00f3nico, con carteles y comunicados en nuestros tablones (uno situado en el edificio de infantil, y el otro en la puerta principal del colegio) y a trav\u00e9s de circulares que se entregan desde las aulas.<\/p>\n<p>Estas \u00faltimas van dirigidas a todas las familias, mientras que las comunicaciones a trav\u00e9s del correo electr\u00f3nico se realizan \u00fanicamente a los socios (<span class=\"animated\"><strong>\u00bfest\u00e1s interesado en hacerte socio?<\/strong><\/span>).<\/p>\n<p>[\/et_pb_toggle][et_pb_toggle title=\u00bbLa Junta Directiva\u00bb open_toggle_text_color=\u00bb#00457A\u00bb open_toggle_background_color=\u00bb#FFFFFF\u00bb closed_toggle_text_color=\u00bb#00457A\u00bb closed_toggle_background_color=\u00bb#FFFFFF\u00bb icon_color=\u00bb#00457A\u00bb _builder_version=\u00bb4.19.4&#8243; _module_preset=\u00bbdefault\u00bb title_text_color=\u00bb#FFFFFF\u00bb border_color_all=\u00bb#00457A\u00bb global_colors_info=\u00bb{}\u00bb]<\/p>\n<div class=\"textwidget\">\n<h5><span style=\"font-size: 14px; color: #666666;\">Se encarga de la administraci\u00f3n cotidiana de la Asociaci\u00f3n.<\/span><\/h5>\n<p>Est\u00e1 formada por madres y madres voluntarios que colaboran de forma altruista. Ninguno de ellos recibe ninguna retribuci\u00f3n o gratificaci\u00f3n.<\/p>\n<p>La Junta est\u00e1 formada por:<\/p>\n<p><strong>PRESIDENTE.<\/strong><span>\u00a0<\/span>Representa legalmente a la Asociaci\u00f3n. Convoca, preside y levanta las sesiones que celebra la Asamblea General y la Junta Directiva y dirige las deliberaciones en ellas.<\/p>\n<p><strong>VICEPRESIDENTE.<\/strong><span>\u00a0<\/span>Sustituye al Presidente en caso de ausencia y tiene sus mismas atribuciones.<\/p>\n<p><strong>TESORERO<\/strong>. Recauda los fondos pertenecientes a la asociaci\u00f3n y da cumplimiento de las \u00f3rdenes de pago que expide el Presidente.<\/p>\n<p><strong>SECRETARIO<\/strong>. Es el responsable de la direcci\u00f3n de los trabajos administrativos de la Asociaci\u00f3n.<\/p>\n<p><strong>VOCALES.<\/strong><span>\u00a0<\/span>Tienen las obligaciones propias de su cargo como miembros de la Junta Directiva, as\u00ed como las que nazcan de las delegaciones o comisiones de trabajo que la propia Junta les encomiende.<\/p>\n<h3><\/h3>\n<h5><span style=\"color: #081b49;\"><strong>COLABORADORES<\/strong><\/span><\/h5>\n<p>Adem\u00e1s, otros socios que no est\u00e1n en la Junta ofrecen su tiempo como colaboradores en actividades puntuales de la asociaci\u00f3n, como por ejemplo ayudar en las fotograf\u00edas a los ni\u00f1os de sexto el d\u00eda de la graduaci\u00f3n o el d\u00eda de la visita de los Reyes magos al colegio, colaborar en las reuniones de la Coordinadora de AMPAS, actualizar la web, entre otras.<\/p>\n<p>Cualquier socio que quiera ser colaborador de la Asociaci\u00f3n, puede inscribirse en la Lista de Colaboradores expresando sus posibilidades de horarios a la Junta Directiva.<\/p>\n<\/div>\n<p>[\/et_pb_toggle][et_pb_toggle title=\u00bbComisiones de trabajo\u00bb open_toggle_text_color=\u00bb#00457A\u00bb open_toggle_background_color=\u00bb#FFFFFF\u00bb closed_toggle_text_color=\u00bb#00457A\u00bb closed_toggle_background_color=\u00bb#FFFFFF\u00bb icon_color=\u00bb#00457A\u00bb _builder_version=\u00bb4.19.4&#8243; _module_preset=\u00bbdefault\u00bb title_text_color=\u00bb#FFFFFF\u00bb border_color_all=\u00bb#00457A\u00bb global_colors_info=\u00bb{}\u00bb]<\/p>\n<p>Para el mejor funcionamiento de la asociaci\u00f3n y realizar nuestra labor de forma m\u00e1s din\u00e1mica, hemos creado una serie de comisiones.<\/p>\n<div>\n<div>Dichas comisiones son:<\/div>\n<div><\/div>\n<ul>\n<li><span><strong>Comisi\u00f3n de actividades extraescolares:<\/strong><\/span><span>\u00a0<\/span>Actividades extraescolares, deporte y adem\u00e1s de las actividades realizadas desde el AMPA (fiestas, quedadas, escuela de madres y padres, talleres, etc.).<\/li>\n<li><strong>Comisi\u00f3n de comunicaci\u00f3n:<\/strong> informaci\u00f3n y comunicaci\u00f3n a trav\u00e9s del correo electr\u00f3nico, web, buz\u00f3n, tablones, etc. tanto con la comunidad educativa como con los padres y las madres.<\/li>\n<li><strong>Comisi\u00f3n de Medio Ambiente<\/strong>: Cualquier actividad organizada que tenga en cuenta el Medio Ambiente (salidas, reuniones, talleres, etc.).<\/li>\n<li><strong>Comisi\u00f3n con la Junta del distrito<\/strong>: Reuniones con las diferentes AMPAs del barrio y la junta del distrito para llevar a cabo mejoras en el colegio y en la convivencia con el barrio.<\/li>\n<\/ul>\n<div>\n<div>\n<div>Invitamos a tod@ l@s soci@s interesados en aportar, informar o participar activamente en alguna de las comisiones, que no duden en ponerse en contacto con nosotros y llevar a cabo entre todos la tarea de conseguir el mejor colegio y la mejor educaci\u00f3n para nuestr@s hij@s, o bien poni\u00e9ndose en contacto directamente con los responsables de dicha comisi\u00f3n o bien de la forma que os sea m\u00e1s f\u00e1cil <span>.<\/span><\/div>\n<\/div>\n<\/div>\n<\/div>\n<div class=\"textwidget\"><\/div>\n<p>[\/et_pb_toggle][et_pb_toggle title=\u00bbNuestros estatutos\u00bb open_toggle_text_color=\u00bb#00457A\u00bb open_toggle_background_color=\u00bb#FFFFFF\u00bb closed_toggle_text_color=\u00bb#00457A\u00bb closed_toggle_background_color=\u00bb#FFFFFF\u00bb icon_color=\u00bb#00457A\u00bb _builder_version=\u00bb4.19.4&#8243; _module_preset=\u00bbdefault\u00bb title_text_color=\u00bb#FFFFFF\u00bb border_color_all=\u00bb#00457A\u00bb global_colors_info=\u00bb{}\u00bb]<\/p>\n<h3><strong>ESTATUTOS DEL A.M.P.A C.E.I.P CAMILO JOS\u00c9 CELA<\/strong><\/h3>\n<h4><strong>CAP\u00cdTULO I\u00a0<\/strong>DENOMINACI\u00d3N, FINES, DOMICILIO Y \u00c1MBITO<\/h4>\n<p><strong>Art\u00edculo 1\u00ba<\/strong>\u00a0Con la denominaci\u00f3n Asociaci\u00f3n de Padres de Alumnos del Colegio P\u00fablico Camilo Jos\u00e9 Cela, ubicado en Madrid capital, se constituye tal asociaci\u00f3n al amparo de lo dispuesto en la ley org\u00e1nica 8\/1985, de 3 de Julio y del Real Decreto 1533\/1986 del 11 de Julio, por el que se regulan las asociaciones de padres de alumnos y cogi\u00e9ndose a la LOE 2\/2006 de 3 de mayo (BOE 4\/05\/2006).<\/p>\n<p><strong>Art.: 2\u00ba Son fines de la asociaci\u00f3n:<\/strong><\/p>\n<p>1. Asistir a los padres o tutores de los alumnos en todo aquello que\u00a0concierne a la educaci\u00f3n de sus hijos o pupilos.<\/p>\n<p>2. Colaborar en las actividades educativas del Centro.<\/p>\n<p>3. Promover la participaci\u00f3n de los padres o tutores de los alumnos\u00a0en la gesti\u00f3n del Centro.<\/p>\n<p>Para el cumplimiento de estos fines se realizar\u00e1n las actividades que apruebe la Asamblea General y la Junta Directiva.<\/p>\n<p><strong>Art.: 3\u00ba<\/strong><span>\u00a0<\/span>El Domicilio de la Asociaci\u00f3n se fija en el Colegio P\u00fablico Camilo Jos\u00e9 Cela, situado en la calle Melchor Fern\u00e1ndez Almagro, 22. Madrid 28029.<\/p>\n<p><strong>Art.: 4\u00ba<\/strong><span>\u00a0<\/span>La Asociaci\u00f3n est\u00e1 dotada de personalidad jur\u00eddica propia con capacidad para realizar actos y contratos de cualquier clase relacionados con sus fines, sin otras limitaciones que las establecidas en las leyes y en estos Estatutos.<\/p>\n<p><strong>Art. 5\u00ba<\/strong>\u00a0La duraci\u00f3n de la Asociaci\u00f3n es ilimitada. No obstante podr\u00e1 disolverse si as\u00ed lo acuerda la Asamblea General Extraordinaria convocada al efecto.<\/p>\n<p><strong>Art. 6\u00ba<\/strong>\u00a0El \u00e1mbito territorial de acci\u00f3n para la Asociaci\u00f3n se extiende al municipio de Madrid.<\/p>\n<p>&nbsp;<\/p>\n<h4>CAPITULO II \u00a0DE LOS SOCIOS<\/h4>\n<p><strong>Art.: 7\u00ba<span>\u00a0<\/span><\/strong>Podr\u00e1n pertenecer a la Asociaci\u00f3n todos los padres, madres o tutores mayores de edad, de los alumnos matriculados en el Centro, siempre que lo soliciten, acepten los estatutos y abonen las cuotas que se establezcan.<\/p>\n<p><strong>Art.: 8\u00ba<\/strong>\u00a0Derechos de los socios:<\/p>\n<p>1. Tomar parte en cuantas actividades organice la Asociaci\u00f3n de\u00a0padres, en cumplimiento de sus fines.<\/p>\n<p>2. Participar con voz y voto en la Asambleas Generales y en cualquier \u00f3rgano de la Asociaci\u00f3n del que forme parte. Este derecho corresponde al padre y a la madre o, en su caso, a los tutores legales.<\/p>\n<p>3. Ser electores y elegibles para los cargos de la Asociaci\u00f3n.<\/p>\n<p>4. Recibir informaci\u00f3n sobre los acuerdos adoptados por los\u00a0\u00f3rganos de la Asociaci\u00f3n.<\/p>\n<p>5. Disfrutar de todas las ventajas y beneficios que la Asociaci\u00f3n\u00a0pueda obtener.<\/p>\n<p>6. Tener libre acceso a los libros de la Asociaci\u00f3n.<\/p>\n<p>7. Dirigir peticiones y proponer iniciativas a los \u00f3rganos de la\u00a0Asociaci\u00f3n.<\/p>\n<p>8. Usar los locales y dependencias de la Asociaci\u00f3n de acuerdo\u00a0con las normas establecidas.<\/p>\n<p><strong>Art.: 9\u00ba\u00a0<\/strong>Deberes de los socios:<\/p>\n<p>1. Asistir a las Asambleas Generales y a las reuniones del resto de\u00a0los \u00f3rganos de la Asociaci\u00f3n si forma parte de ellos.<\/p>\n<p>2. Cumplir los estatutos y los acuerdos tomados por los \u00f3rganos de\u00a0la Asociaci\u00f3n.<\/p>\n<p>3. Abonar las cuotas que se fijen.<\/p>\n<p>4. Desempe\u00f1ar en su caso, las obligaciones inherentes al cargo que \u00a0ocupen.<\/p>\n<p>5. Notificar por escrito los cambios de domicilio.<\/p>\n<p><strong>Art. 10\u00ba<\/strong><\/p>\n<p>La condici\u00f3n de socio se pierde:<\/p>\n<p>1. Por renuncia voluntaria, comunicada por escrito a la Junta\u00a0Directiva.<\/p>\n<p>2. Por baja en el Centro de los hijos o pupilos.<\/p>\n<p>3. Por incumplimiento grave y reiterado de los Estatutos y acuerdos\u00a0de la Asociaci\u00f3n.<\/p>\n<p>4. Por conducta incorrecta, por desprestigiar a la asociaci\u00f3n o al Colegio con hechos o con palabras que perturben gravemente los actos organizados por los mismos y la normal convivencia en el Centro y entre los asociados.<\/p>\n<p>5. En los supuestos de sanci\u00f3n y separaci\u00f3n de los asociados, se informar\u00e1 en todo caso al afectado de los hechos que puedan dar lugar a tales medidas, y se le oir\u00e1 previamente, debiendo ser motivado el acuerdo que, en tal sentido, se adopte.<\/p>\n<p>6. Por falta de pago de la cuota anual que se establezca.<\/p>\n<p><strong>Art.: 11\u00ba<\/strong><span>\u00a0<\/span>Para excluir a cualquier socio por incumplimiento de los estatutos y acuerdos, deber\u00e1 abrirse un expediente por la Junta Directiva en el que se se\u00f1alar\u00e1 detalladamente las causas de la expulsi\u00f3n. Asimismo, se deber\u00e1 o\u00edr al socio expedientado, que podr\u00e1 presentar un pliego de descargo alegando todo lo que considere conveniente en su defensa y que se unir\u00e1 al expediente. Una vez hecho esto, la Junta Directiva propondr\u00e1 la decisi\u00f3n oportuna. Si opta por la expulsi\u00f3n, presentar\u00e1 la propuesta a la pr\u00f3xima asamblea general, la cual tras o\u00edr a la Junta Directiva y al socio, si lo solicitara, tomar\u00e1 una decisi\u00f3n inapelable.<\/p>\n<p>&nbsp;<\/p>\n<h4>CAPITULO III \u00a0\u00d3RGANOS DE GOBIERNO<\/h4>\n<p><strong>Art.: 12<\/strong>\u00ba Son \u00f3rganos de gobierno la Asamblea General y la Junta Directiva. Se podr\u00e1n crear comisiones de trabajo, con responsabilidad en las tareas que les competa.<\/p>\n<p><strong>Art.: 13\u00ba<\/strong>\u00a0 La Asamblea General es el \u00f3rgano supremo de la Asociaci\u00f3n y est\u00e1 compuesta por todos los socios. Su presidente ser\u00e1 el mismo de la Junta Directiva.<\/p>\n<p><strong>Art.: 14\u00ba<\/strong><span>\u00a0<\/span>\u00a0La Asamblea podr\u00e1 reunirse en reuni\u00f3n ordinaria y extraordinaria. Tanto unas como otras quedar\u00e1n validamente constituidas en primera convocatoria cuando concurran la mayor\u00eda de los asociados y en segunda convocatoria cualquiera que sea el n\u00famero de asociados concurrentes, debiendo mediar entre la primera y la segunda convocatoria un plazo de media hora.<\/p>\n<p><strong>Art.: 15\u00ba<\/strong><span>\u00a0<\/span>Los acuerdos se tomar\u00e1n por mayor\u00eda simple de votos de los asistentes cuando se trate de Asamblea Ordinaria y por mayor\u00eda de dos tercios cuando se trate de Asamblea Extraordinaria.<\/p>\n<p><strong>Art.: 16\u00ba<\/strong><span>\u00a0<\/span>\u00a0Se reunir\u00e1 la Asamblea Ordinaria con car\u00e1cter obligatorio dos veces al a\u00f1o, en los meses de Septiembre y Mayo.<\/p>\n<p><strong>Art.: 17\u00ba<\/strong><span>\u00a0<\/span>\u00a0Las Asambleas Generales Ordinarias y Extraordinarias ser\u00e1n convocadas al menos con una semana de antelaci\u00f3n, a no ser que surjan temas de urgente necesidad, en cuyo caso podr\u00e1 reducirse el mencionado plazo. La convocatoria ser\u00e1 por escrito y se har\u00e1 constar lugar, fecha y hora de la reuni\u00f3n as\u00ed como el orden del d\u00eda de los asuntos a tratar.<\/p>\n<p><strong>Art.: 18\u00ba<\/strong>\u00a0Son facultades de la Asamblea General Ordinaria:<\/p>\n<p>1. Nombramiento de la Junta Directiva y sus cargos.<\/p>\n<p>2. Examinar y aprobar los presupuestos anuales y las cuentas.<\/p>\n<p>3. Aprobar, en su caso, la gesti\u00f3n de la Junta Directiva.<\/p>\n<p>4. Fijar las cuotas ordinarias o extraordinarias.<\/p>\n<p>5. Expulsi\u00f3n de socios a propuesta de la Junta Directiva.<\/p>\n<p>6. Cualquier otra que no sea competencia de la Asamblea General\u00a0Extraordinaria.<\/p>\n<p><strong>Art.: 19\u00ba<\/strong><span>\u00a0<\/span>Es competencia de la Asamblea General Extraordinaria los asuntos siguientes:<\/p>\n<p>1. Disoluci\u00f3n de la Asociaci\u00f3n.<\/p>\n<p>2. Modificaci\u00f3n de estatutos.<\/p>\n<p><strong>Art.: 20\u00ba<\/strong><span>\u00a0<\/span>La Asamblea se reunir\u00e1 en sesi\u00f3n extraordinaria:<\/p>\n<p>1. Por decisi\u00f3n de la Junta Directiva.<\/p>\n<p>2. A petici\u00f3n escrita de un m\u00ednimo de socios no inferior al 20% de los socios censados, con expresi\u00f3n concreta de los asuntos a tratar.<\/p>\n<p><strong>Art.: 21\u00ba<\/strong><span>\u00a0<\/span>Presidir\u00e1 la Asamblea el Presidente de la Junta Directiva y su voto ser\u00e1 de calidad en caso de empate.<\/p>\n<p><strong>Art.: 22\u00ba<\/strong><span>\u00a0<\/span>El voto no podr\u00e1 delegarse. Por ejercer el derecho al voto ser\u00e1 preceptiva la presencia f\u00edsica del asociado en el sitio donde se celebre la votaci\u00f3n en el caso de Asambleas presenciales. En el caso de Asambleas telem\u00e1ticas la Junta Directiva deber\u00e1 asegurar que el m\u00e9todo de votaci\u00f3n utilizado sea confidencial, seguro y verificable<\/p>\n<p>&nbsp;<\/p>\n<p><strong>CAPITULO IV DE LA JUNTA DIRECTIVA<\/strong><\/p>\n<p><strong>Art.: 24\u00ba<\/strong><span>\u00a0<\/span>La Junta Directiva es el \u00f3rgano de la Asociaci\u00f3n. Est\u00e1 obligada a cumplir sus propios acuerdos y los adoptados por la Asamblea. Ser\u00e1 responsable ante la Asamblea de los actos realizados en el ejercicio de sus funciones.<\/p>\n<p><strong>Art.: 25\u00ba<\/strong><span>\u00a0<\/span>Estar\u00e1 constituida por el Presidente, el Vicepresidente, el Secretario, el Tesorero y seis Vocales como m\u00e1ximo. Todos tendr\u00e1n voz y voto.<\/p>\n<p><strong>Art. 26\u00ba<\/strong><span>\u00a0<\/span>A las reuniones de la Junta Directiva podr\u00e1n acudir los profesionales o personas que de com\u00fan acuerdo se estime necesario para el asesoramiento de la misma. Tendr\u00e1 voz pero no voto.<\/p>\n<p><strong>Art. 27\u00ba<\/strong><span>\u00a0<\/span>La Junta Directiva ser\u00e1 elegida por un mandato de dos a\u00f1os, salvo revocaci\u00f3n expresa de la Asamblea General. Los cargos ser\u00e1n honor\u00edficos y no remunerados.<\/p>\n<p><strong>Art. 28\u00ba<\/strong><span>\u00a0<\/span>En caso de vacante del Presidente la presidencia recaer\u00e1 necesariamente en el Vicepresidente. Si se produjera la vacante en cualquiera de los otros miembros ser\u00e1 cubierta por los Vocales, y, en caso de vacante de estos \u00faltimos ser\u00e1 cubierta por el socio que no habiendo salido para miembro de la Junta Directiva, hubiese obtenido el n\u00famero de votos inmediatamente inferior al \u00faltimo miembro electo de la Junta Directiva.<\/p>\n<p><strong>Art. 29\u00ba<\/strong><span>\u00a0<\/span>La Junta Directiva se reunir\u00e1 al menos una vez al mes durante el curso escolar con la presencia de la mitad m\u00e1s uno de sus miembros. Los acuerdos se tomar\u00e1n por mayor\u00eda simple. En caso de empate se celebrar\u00e1n las sucesivas votaciones con un m\u00e1ximo de tres votaciones, si no se lograra llegar a un acuerdo, se someter\u00e1 el tema a la Asamblea General quien decidir\u00e1 al respecto. Se permitir\u00e1n reuniones, discusiones y votaciones telem\u00e1ticas.<\/p>\n<p><strong>Art.: 30\u00ba<\/strong><span>\u00a0<\/span>Son facultades y deberes de la Junta Directiva:<\/p>\n<p>1. Dirigir las actividades sociales y llevar la gesti\u00f3n econ\u00f3mica y administrativa de la asociaci\u00f3n, acordando realizar los oportunos contratos y actos.<\/p>\n<p>2. Ejecutar los acuerdos de la Asamblea General.<\/p>\n<p>3. Elaborar y someter a la aprobaci\u00f3n de la Asamblea General los\u00a0presupuestos y el estado de cuentas.<\/p>\n<p>4. Velar por el cumplimiento de los Estatutos.<\/p>\n<p>5. Coordinar y dirigir las comisiones de trabajo y dar cuenta de su\u00a0trabajo a la Asamblea.<\/p>\n<p>6. Convocar las Asambleas Generales seg\u00fan los Estatutos.<\/p>\n<p>7. Cualquier otra que no sea de la exclusiva competencia de la\u00a0Asamblea General de socios.<\/p>\n<p>8. Presentar la memoria de actividades anuales y el balance de\u00a0ingresos y gastos.<\/p>\n<p>9. Informar a los asociados de las resoluciones y acuerdos\u00a0adoptados en las reuniones.<\/p>\n<p><strong>Art.: 31\u00ba<\/strong><span>\u00a0<\/span>Ser\u00e1 competencia del Presidente:<\/p>\n<p>1. Representar legalmente a la asociaci\u00f3n ante toda clase de\u00a0organismos tanto p\u00fablicos como privados.<\/p>\n<p>2. Convocar y presidir, en nombre de la Junta Directiva, las reuniones de la Asamblea General. Tambi\u00e9n la Junta Directiva, dirigiendo las discusiones y sometiendo a votaci\u00f3n los asuntos, as\u00ed, como firmar las actas con el Secretario.<\/p>\n<p><strong>Art.: 32\u00ba<\/strong>\u00a0Son competencias del Vicepresidente:<\/p>\n<p>1. Sustituir\u00e1 al Presidente en ausencia de \u00e9ste, y tendr\u00e1 las mismas\u00a0atribuciones que \u00e9l.<\/p>\n<p><strong>Art.: 33\u00ba<\/strong>\u00a0Son competencias del Secretario:<\/p>\n<p>1. Llevar un registro general de socios y guardar los libros, documentos y sellos de la asociaci\u00f3n, excepto los de la contabilidad.<\/p>\n<p>2. Despachar la correspondencia oficial y autorizar con el visto\u00a0bueno del Presidente las certificaciones oportunas.<\/p>\n<p>3. Redactar las actas de la Asamblea General y de las reuniones de\u00a0la Junta Directiva.<\/p>\n<p>4. Redactar la memoria anual.<\/p>\n<p><strong>Art. 34\u00ba\u00a0<\/strong>Son competencias del Tesorero:<\/p>\n<p>1. Llevar la contabilidad de los fondos de la Asociaci\u00f3n.<\/p>\n<p>2. Tener a su cargo los fondos de la caja.<\/p>\n<p>3. Intervenir en todas las operaciones de tesorer\u00eda con en visto\u00a0bueno del Presidente y Secretario.<\/p>\n<p>4. Presentar a la Junta Directiva el balance y estado econ\u00f3mico siempre que se lo requiera. Presentar a los socios el balance y estado econ\u00f3mico de la Asociaci\u00f3n al menos una vez al a\u00f1o, para su aprobaci\u00f3n en Asamblea General.<\/p>\n<p><strong>Art.: 35\u00ba \u00a0<\/strong>Son competencia de los Vocales:<\/p>\n<p>1. Presidir las comisiones de trabajo.<\/p>\n<p>2. Sustituir en caso necesario a los cargos de la Junta Directiva de\u00a0manera provisional y ayudar cuando estos lo requieran.<\/p>\n<p>3. Tomar parte en las deliberaciones y emitir sus respectivos\u00a0votos para la adopci\u00f3n de acuerdos.<\/p>\n<p><strong>Art. 36\u00ba<\/strong><span>\u00a0<\/span>\u00a0Las reuniones de la Junta Directiva ser\u00e1n convocadas al menos con tres d\u00edas de antelaci\u00f3n, salvo urgencia en que se podr\u00e1 reunir inmediatamente con la mitad m\u00e1s uno de sus miembros, y tomar las decisiones oportunas, pero poni\u00e9ndolo en conocimiento lo mas pronto posible del resto de sus miembros.<\/p>\n<p><strong>Art. 37\u00ba<span>\u00a0<\/span><\/strong>Con objeto de lograr los fines de la Asociaci\u00f3n se crear\u00e1n las comisiones de trabajo que la Asamblea General o la Junta Directiva determine.<\/p>\n<p><strong>Art. 38\u00ba<\/strong><span>\u00a0<\/span>Las comisiones ser\u00e1n presididas por un Vocal u otro miembro de la Junta Directiva que dirigir\u00e1 los trabajos. Podr\u00e1n formar parte de ella todos los asociados que lo deseen. De entre ellos se elegir\u00e1 un Secretario que levantar\u00e1 las actas de reuniones y acuerdos tomados.<\/p>\n<h4>CAPITULO V \u00a0PROCEDIMIENTO DE LA ELECCI\u00d3N DE LA JUNTA DIRECTIVA<\/h4>\n<p><strong>Art. 39\u00ba<\/strong><span>\u00a0<\/span>Pueden presentar su candidatura para la Junta Directiva todos los socios que lo deseen.<\/p>\n<p><strong>Art.: 40\u00ba<\/strong><span>\u00a0<\/span>Todo candidato presentar\u00e1 su inscripci\u00f3n como tal, en la Secretar\u00eda de la Asociaci\u00f3n con un m\u00e1ximo de 10 d\u00edas naturales precedentes a la fecha de la elecci\u00f3n, especificando si se presentar\u00e1 a Presidente, vocal o ambas opciones.<\/p>\n<p><strong>Art.: 41\u00ba<\/strong><span>\u00a0<\/span>De acuerdo con los Estatutos, la Junta Directiva comunicar\u00e1, con 15 d\u00edas de antelaci\u00f3n, las vacantes de la Junta Directiva.<\/p>\n<p><strong>Art.: 42\u00ba<\/strong><span>\u00a0<\/span>El sistema de elecci\u00f3n de la Junta Directiva ser\u00e1 la siguiente manera: Con los candidatos presentados se confeccionar\u00e1n dos listas por orden alfab\u00e9tico: una para la elecci\u00f3n de Presidente y otra para la elecci\u00f3n de los restantes puestos convocados.<\/p>\n<p>1) Se se\u00f1alar\u00e1, junto al nombre de cada candidato el o los niveles educativos y el aula o aulas donde est\u00e1n matriculados sus hijos.<\/p>\n<p>2) En ambas listas y ante cada nombre habr\u00e1 una casilla en la cual el\u00a0elector se\u00f1alar\u00e1 con una cruz el o los candidatos que elija.<\/p>\n<p>3) De la lista de Presidente s\u00f3lo se elegir\u00e1 uno; de la lista de los \u00a0restantes puestos, tantos como candidatos convocados.<\/p>\n<p>4) La Presentaci\u00f3n de candidato o Presidente no excluye que se\u00a0pueda presentar a vocal.<\/p>\n<p>5) La Asamblea proceder\u00e1 en primer lugar a la elecci\u00f3n de\u00a0Presidente.<\/p>\n<p>6) Una vez realizado el escrutinio y proclamado el Presidente, la Asamblea proceder\u00e1 a la votaci\u00f3n para cubrir el resto de las vacantes convocadas.<\/p>\n<p>7) En ambas votaciones ser\u00e1n proclamados los candidatos que obtuvieron mayor n\u00famero de votos, en caso de empate se tendr\u00e1 presente:<\/p>\n<p>1\u00ba la antig\u00fcedad como socio del A.M.P.A. y 2\u00ba el n\u00famero de hijos escolarizados en el colegio.<\/p>\n<p>Dentro de las cuarenta y ocho horas siguientes a la proclamaci\u00f3n, reunir\u00e1 la Junta Directiva y proceder\u00e1 a elegir entre sus miembros los que hayan de ocupar los puestos de Vicepresidente, Secretario, y Tesorero, quedando los restantes como vocales.<\/p>\n<h4><strong>CAPITULO VI \u00a0RECURSOS ECON\u00d3MICOS<\/strong><\/h4>\n<p><strong>Art.: 43\u00ba<\/strong><span>\u00a0<\/span>Los recursos econ\u00f3micos previstos para el desarrollo de los fines de la Asociaci\u00f3n ser\u00e1n los siguientes:<\/p>\n<p>1. Las cuotas de entrada, peri\u00f3dicas o extraordinarias de los socios.<\/p>\n<p>2. Las subvenciones, legados o herencias que pudieran recibir de forma legal por parte de entidades p\u00fablicas o privadas, o por personas f\u00edsicas.<\/p>\n<p>3. Cualquier otro recurso l\u00edcito.<\/p>\n<p><strong>Art.: 44\u00ba<\/strong><span>\u00a0<\/span>La Asociaci\u00f3n carece de Patrimonio inicial y carece de cualquier \u00e1nimo de lucro.<\/p>\n<p>&nbsp;<\/p>\n<h4><strong>CAPITULO VII \u00a0DISOLUCI\u00d3N DE LA ASOCIACI\u00d3N<\/strong><\/h4>\n<p><strong>Art.: 46\u00ba<\/strong><span>\u00a0<\/span>La Asociaci\u00f3n de padres de alumnos se disolver\u00e1:<\/p>\n<p>1. Voluntariamente cuando as\u00ed lo acuerde la Asamblea General Extraordinaria, convocada al efecto, por una mayor\u00eda de 2\/3 de los asociados. 2. Por las causas determinadas en el arto 39 del C\u00f3digo Civil. 3. Por sentencia judicial.<\/p>\n<p><strong>Art.: 47\u00ba<\/strong><span>\u00a0<\/span>La Asamblea General Extraordinaria que acordase la disoluci\u00f3n de la Asociaci\u00f3n nombrar\u00e1 una Comisi\u00f3n liquidadora. Si despu\u00e9s de pagar todas las deudas quedase un remanente, se destinar\u00e1 con fines ben\u00e9ficos a otras asociaciones o entidades para la defensa de la escuela p\u00fablica, y que ser\u00e1 designada en la Asamblea que acuerde la disoluci\u00f3n.<\/p>\n<p>DILIGENCIA: \u2026\u2026\u2026\u2026\u2026\u2026\u2026\u2026\u2026\u2026\u2026\u2026\u2026\u2026\u2026. como Secretario\/a de la Asociaci\u00f3n de Padres de Alumnos del Colegio P\u00fablico Camilo Jos\u00e9 Cela, con D.N.I. \u2026\u2026\u2026\u2026\u2026\u2026\u2026. CERTIFICA que estos Estatutos recogen las modificaciones efectuadas en la Asamblea General Extraordinaria de Padres celebrada el\u2026\u2026\u2026.de\u2026\u2026\u2026\u2026\u2026\u2026\u2026por unanimidad.<\/p>\n<p>CIF:\u00a0\u00a0G85190320<\/p>\n<p>N\u00ba ASOCIACI\u00d3N 2265<\/p>\n<h4>INSCRITA EN EL REGISTRO PROVINCIAL DE ASOCIACIONES DE MADRID<\/h4>\n<p>[\/et_pb_toggle][\/et_pb_column][\/et_pb_row][\/et_pb_section][et_pb_section fb_built=\u00bb1&#8243; admin_label=\u00bbFooter\u00bb _builder_version=\u00bb4.16&#8243; _module_preset=\u00bbdefault\u00bb background_color=\u00bb#000000&#8243; min_height=\u00bb455.7px\u00bb custom_margin=\u00bb-1px||-49px||false|false\u00bb global_module=\u00bb363&#8243; saved_tabs=\u00bball\u00bb global_colors_info=\u00bb{}\u00bb][et_pb_row column_structure=\u00bb1_4,1_4,1_4,1_4&#8243; use_custom_gutter=\u00bbon\u00bb gutter_width=\u00bb1&#8243; make_equal=\u00bbon\u00bb _builder_version=\u00bb4.19.4&#8243; _module_preset=\u00bbdefault\u00bb max_width=\u00bb1440px\u00bb custom_margin=\u00bb-90px||||false|false\u00bb custom_padding=\u00bb0px||||false|false\u00bb global_colors_info=\u00bb{}\u00bb][et_pb_column type=\u00bb1_4&#8243; _builder_version=\u00bb4.16&#8243; _module_preset=\u00bbdefault\u00bb background_color=\u00bb#F5C966&#8243; background_image=\u00bbhttps:\/\/ampacamilojosecela.es\/2023\/wp-content\/uploads\/2022\/12\/high-school_17.png\u00bb background_size=\u00bbinitial\u00bb background_position=\u00bbtop_right\u00bb background_repeat=\u00bbrepeat-y\u00bb custom_padding=\u00bb40px|40px|40px|20px|true|false\u00bb custom_padding_tablet=\u00bb40px||40px||true|false\u00bb custom_padding_phone=\u00bb30px|20px|30px|20px|true|true\u00bb custom_padding_last_edited=\u00bboff|desktop\u00bb global_colors_info=\u00bb{}\u00bb][et_pb_text _builder_version=\u00bb4.16&#8243; _module_preset=\u00bb5c989a74-8649-4b9a-a4a2-6d2b8ae2551c\u00bb header_4_font=\u00bbRoboto|700||on|||||\u00bb header_4_text_color=\u00bbrgba(255,255,255,0.5)\u00bb header_4_font_size=\u00bb12px\u00bb header_4_letter_spacing=\u00bb3px\u00bb header_4_line_height=\u00bb1.5em\u00bb custom_margin=\u00bb||0px||false|false\u00bb custom_margin_tablet=\u00bb30px||||false|false\u00bb custom_margin_phone=\u00bb20px||||false|false\u00bb custom_margin_last_edited=\u00bboff|desktop\u00bb locked=\u00bboff\u00bb global_colors_info=\u00bb{}\u00bb]<\/p>\n<h4>horario del centro<\/h4>\n<p>[\/et_pb_text][et_pb_text _builder_version=\u00bb4.19.4&#8243; _module_preset=\u00bbc2a3d585-c259-4e5a-8faa-710c0e634348&#8243; text_font=\u00bbRoboto|500|||||||\u00bb text_text_color=\u00bb#FFFFFF\u00bb text_font_size=\u00bb16px\u00bb text_line_height=\u00bb1.6em\u00bb header_5_text_color=\u00bb#FFFFFF\u00bb header_5_line_height=\u00bb1.8em\u00bb text_font_size_tablet=\u00bb15px\u00bb text_font_size_phone=\u00bb14px\u00bb text_font_size_last_edited=\u00bbon|desktop\u00bb header_font_size_tablet=\u00bb55px\u00bb header_font_size_last_edited=\u00bboff|desktop\u00bb locked=\u00bboff\u00bb global_colors_info=\u00bb{}\u00bb]<\/p>\n<p>Lunes a Viernes:<br \/>Primeros del cole 7:30-9:00<br \/>Clases 9:00-16:00<br \/>Extraescolares: 16:00 a 17:00 (y a mediod\u00eda en horario de comedor)<\/p>\n<p>C\u00d3DIGO DE CENTRO 28041755<\/p>\n<p>[\/et_pb_text][\/et_pb_column][et_pb_column type=\u00bb1_4&#8243; _builder_version=\u00bb4.16&#8243; _module_preset=\u00bbdefault\u00bb background_color=\u00bb#F7827E\u00bb background_image=\u00bbhttps:\/\/ampacamilojosecela.es\/2023\/wp-content\/uploads\/2022\/12\/high-school_17.png\u00bb background_size=\u00bbinitial\u00bb background_position=\u00bbtop_right\u00bb background_repeat=\u00bbrepeat-y\u00bb custom_padding=\u00bb40px|40px|40px|20px|true|false\u00bb global_colors_info=\u00bb{}\u00bb][et_pb_text _builder_version=\u00bb4.19.4&#8243; _module_preset=\u00bb5c989a74-8649-4b9a-a4a2-6d2b8ae2551c\u00bb header_4_font=\u00bbRoboto|700||on|||||\u00bb header_4_text_color=\u00bbrgba(255,255,255,0.5)\u00bb header_4_font_size=\u00bb12px\u00bb header_4_letter_spacing=\u00bb3px\u00bb header_4_line_height=\u00bb1.5em\u00bb custom_margin=\u00bb||0px||false|false\u00bb locked=\u00bboff\u00bb global_colors_info=\u00bb{}\u00bb]<\/p>\n<h4>Direcci\u00f3n del colegio<\/h4>\n<p>[\/et_pb_text][et_pb_text _builder_version=\u00bb4.19.4&#8243; _module_preset=\u00bbc2a3d585-c259-4e5a-8faa-710c0e634348&#8243; text_font=\u00bbRoboto|500|||||||\u00bb text_text_color=\u00bb#FFFFFF\u00bb text_font_size=\u00bb16px\u00bb text_line_height=\u00bb1.6em\u00bb header_5_text_color=\u00bb#FFFFFF\u00bb header_5_line_height=\u00bb1.8em\u00bb text_font_size_tablet=\u00bb15px\u00bb text_font_size_phone=\u00bb14px\u00bb text_font_size_last_edited=\u00bbon|desktop\u00bb header_font_size_tablet=\u00bb55px\u00bb header_font_size_last_edited=\u00bboff|desktop\u00bb locked=\u00bboff\u00bb global_colors_info=\u00bb{}\u00bb]Melchor Fern\u00e1ndez Almagro, 22<br \/>\n28029 Madrid[\/et_pb_text][\/et_pb_column][et_pb_column type=\u00bb1_4&#8243; _builder_version=\u00bb4.19.4&#8243; _module_preset=\u00bbdefault\u00bb background_color=\u00bb#C88BDA\u00bb background_image=\u00bbhttps:\/\/ampacamilojosecela.es\/2023\/wp-content\/uploads\/2022\/12\/high-school_17.png\u00bb background_size=\u00bbinitial\u00bb background_position=\u00bbtop_right\u00bb background_repeat=\u00bbrepeat-y\u00bb custom_padding=\u00bb40px|40px|40px|20px|true|false\u00bb global_colors_info=\u00bb{}\u00bb][et_pb_text _builder_version=\u00bb4.16&#8243; _module_preset=\u00bb5c989a74-8649-4b9a-a4a2-6d2b8ae2551c\u00bb header_4_font=\u00bbRoboto|700||on|||||\u00bb header_4_text_color=\u00bbrgba(255,255,255,0.5)\u00bb header_4_font_size=\u00bb12px\u00bb header_4_letter_spacing=\u00bb3px\u00bb header_4_line_height=\u00bb1.5em\u00bb custom_margin=\u00bb||0px||false|false\u00bb locked=\u00bboff\u00bb global_colors_info=\u00bb{}\u00bb]<\/p>\n<h4>Email<\/h4>\n<p>[\/et_pb_text][et_pb_text _builder_version=\u00bb4.19.4&#8243; _module_preset=\u00bbc2a3d585-c259-4e5a-8faa-710c0e634348&#8243; text_font=\u00bbRoboto|500|||||||\u00bb text_text_color=\u00bb#FFFFFF\u00bb text_font_size=\u00bb16px\u00bb text_line_height=\u00bb1.6em\u00bb link_text_color=\u00bb#FFFFFF\u00bb header_5_text_color=\u00bb#FFFFFF\u00bb header_5_line_height=\u00bb1.8em\u00bb text_font_size_tablet=\u00bb15px\u00bb text_font_size_phone=\u00bb14px\u00bb text_font_size_last_edited=\u00bbon|desktop\u00bb header_font_size_tablet=\u00bb55px\u00bb header_font_size_last_edited=\u00bboff|desktop\u00bb locked=\u00bboff\u00bb global_colors_info=\u00bb{}\u00bb]<\/p>\n<p><a href=\"mailto:ampa.camilojc@gmail.com\">ampa.camilojc@gmail.com<\/a><\/p>\n<p>[\/et_pb_text][\/et_pb_column][et_pb_column type=\u00bb1_4&#8243; _builder_version=\u00bb4.16&#8243; _module_preset=\u00bbdefault\u00bb background_color=\u00bb#62acac\u00bb background_image=\u00bbhttps:\/\/ampacamilojosecela.es\/2023\/wp-content\/uploads\/2022\/12\/high-school_17.png\u00bb background_size=\u00bbinitial\u00bb background_position=\u00bbtop_right\u00bb background_repeat=\u00bbrepeat-y\u00bb custom_padding=\u00bb40px|40px|40px|20px|true|false\u00bb global_colors_info=\u00bb{}\u00bb][et_pb_text _builder_version=\u00bb4.19.4&#8243; _module_preset=\u00bb5c989a74-8649-4b9a-a4a2-6d2b8ae2551c\u00bb header_4_font=\u00bbRoboto|700||on|||||\u00bb header_4_text_color=\u00bbrgba(255,255,255,0.5)\u00bb header_4_font_size=\u00bb12px\u00bb header_4_letter_spacing=\u00bb3px\u00bb header_4_line_height=\u00bb1.5em\u00bb custom_margin=\u00bb||0px||false|false\u00bb custom_margin_last_edited=\u00bboff|desktop\u00bb locked=\u00bboff\u00bb global_colors_info=\u00bb{}\u00bb]<\/p>\n<h4>CONTACTA CON EL COLEGIO<\/h4>\n<p>[\/et_pb_text][et_pb_text _builder_version=\u00bb4.19.4&#8243; _module_preset=\u00bbc2a3d585-c259-4e5a-8faa-710c0e634348&#8243; text_font=\u00bbRoboto|500|||||||\u00bb text_text_color=\u00bb#FFFFFF\u00bb text_font_size=\u00bb16px\u00bb text_line_height=\u00bb1.6em\u00bb link_text_color=\u00bb#FFFFFF\u00bb header_5_text_color=\u00bb#FFFFFF\u00bb header_5_line_height=\u00bb1.8em\u00bb text_font_size_tablet=\u00bb15px\u00bb text_font_size_phone=\u00bb14px\u00bb text_font_size_last_edited=\u00bbon|desktop\u00bb header_font_size_tablet=\u00bb55px\u00bb header_font_size_last_edited=\u00bboff|desktop\u00bb locked=\u00bboff\u00bb global_colors_info=\u00bb{}\u00bb]<\/p>\n<p><strong>Direcci\u00f3n:<\/strong> <a href=\"mailto:cp.cela.madrid@educa.madrid.org\">cp.cela.madrid@educa.madrid.org<\/a><br \/>Secretar\u00eda: <a href=\"mailto:secretaria.cp.cela.madrid@educa.madrid.org\">secretaria.cp.cela.madrid@educa.madrid.org<\/a><br \/>Tel\u00e9fono: <a href=\"tel:917392424\">91 739 24 24<\/a><br \/>Fax: 91 378 15 07\u00a0<\/p>\n<p>[\/et_pb_text][\/et_pb_column][\/et_pb_row][et_pb_row column_structure=\u00bb1_4,1_4,1_4,1_4&#8243; _builder_version=\u00bb4.19.4&#8243; _module_preset=\u00bbdefault\u00bb max_height=\u00bb192px\u00bb global_colors_info=\u00bb{}\u00bb][et_pb_column type=\u00bb1_4&#8243; _builder_version=\u00bb4.16&#8243; _module_preset=\u00bbdefault\u00bb global_colors_info=\u00bb{}\u00bb][et_pb_image src=\u00bbhttps:\/\/ampacamilojosecela.es\/2023\/wp-content\/uploads\/2022\/12\/Recurso-5.png\u00bb title_text=\u00bbRecurso-5&#8243; _builder_version=\u00bb4.19.4&#8243; _module_preset=\u00bbdefault\u00bb global_colors_info=\u00bb{}\u00bb][\/et_pb_image][\/et_pb_column][et_pb_column type=\u00bb1_4&#8243; _builder_version=\u00bb4.16&#8243; _module_preset=\u00bbdefault\u00bb global_colors_info=\u00bb{}\u00bb][et_pb_text _builder_version=\u00bb4.19.4&#8243; _module_preset=\u00bb5c989a74-8649-4b9a-a4a2-6d2b8ae2551c\u00bb header_4_font=\u00bbRoboto|700||on|||||\u00bb header_4_text_color=\u00bb#FFFFFF\u00bb header_4_font_size=\u00bb12px\u00bb header_4_letter_spacing=\u00bb3px\u00bb header_4_line_height=\u00bb1.5em\u00bb header_5_text_color=\u00bb#FFFFFF\u00bb custom_margin=\u00bb||0px||false|false\u00bb locked=\u00bboff\u00bb global_colors_info=\u00bb{}\u00bb]<\/p>\n<h4>COLEGIO<\/h4>\n<p>[\/et_pb_text][et_pb_text _builder_version=\u00bb4.19.4&#8243; _module_preset=\u00bb7262e956-c376-4aa6-9642-c413f71527d0&#8243; text_line_height=\u00bb1.8em\u00bb link_text_color=\u00bb#FFFFFF\u00bb link_line_height=\u00bb1.2em\u00bb header_font_size_tablet=\u00bb55px\u00bb header_font_size_last_edited=\u00bboff|desktop\u00bb locked=\u00bboff\u00bb global_colors_info=\u00bb{}\u00bb]<\/p>\n<p><a href=\"https:\/\/site.educa.madrid.org\/cp.cela.madrid\/\">Web del Colegio<\/a><\/p>\n<p>&nbsp;<\/p>\n<p>[\/et_pb_text][\/et_pb_column][et_pb_column type=\u00bb1_4&#8243; _builder_version=\u00bb4.16&#8243; _module_preset=\u00bbdefault\u00bb global_colors_info=\u00bb{}\u00bb][et_pb_text _builder_version=\u00bb4.19.4&#8243; _module_preset=\u00bb5c989a74-8649-4b9a-a4a2-6d2b8ae2551c\u00bb header_4_font=\u00bbRoboto|700||on|||||\u00bb header_4_text_color=\u00bb#FFFFFF\u00bb header_4_font_size=\u00bb12px\u00bb header_4_letter_spacing=\u00bb3px\u00bb header_4_line_height=\u00bb1.5em\u00bb header_5_text_color=\u00bb#FFFFFF\u00bb custom_margin=\u00bb||0px||false|false\u00bb locked=\u00bboff\u00bb global_colors_info=\u00bb{}\u00bb]<\/p>\n<h4>AMPA<\/h4>\n<p>[\/et_pb_text][et_pb_text _builder_version=\u00bb4.19.4&#8243; _module_preset=\u00bb7262e956-c376-4aa6-9642-c413f71527d0&#8243; text_line_height=\u00bb1.8em\u00bb link_text_color=\u00bb#FFFFFF\u00bb link_line_height=\u00bb1.2em\u00bb header_font_size_tablet=\u00bb55px\u00bb header_font_size_last_edited=\u00bboff|desktop\u00bb locked=\u00bboff\u00bb global_colors_info=\u00bb{}\u00bb]<\/p>\n<p><a href=\"https:\/\/ampacamilojosecela.es\/index.php\/politica-privacidad\/\">Pol\u00edtica de privacidad<\/a><br \/><a href=\"https:\/\/ampacamilojosecela.es\/index.php\/cookies-policy\/\">Pol\u00edtica de cookies<\/a><\/p>\n<p>[\/et_pb_text][\/et_pb_column][et_pb_column type=\u00bb1_4&#8243; _builder_version=\u00bb4.16&#8243; _module_preset=\u00bbdefault\u00bb global_colors_info=\u00bb{}\u00bb][et_pb_text _builder_version=\u00bb4.19.4&#8243; _module_preset=\u00bb5c989a74-8649-4b9a-a4a2-6d2b8ae2551c\u00bb header_4_font=\u00bbRoboto|700||on|||||\u00bb header_4_text_color=\u00bb#FFFFFF\u00bb header_4_font_size=\u00bb12px\u00bb header_4_letter_spacing=\u00bb3px\u00bb header_4_line_height=\u00bb1.5em\u00bb header_5_text_color=\u00bb#FFFFFF\u00bb custom_margin=\u00bb||0px||false|false\u00bb locked=\u00bboff\u00bb global_colors_info=\u00bb{}\u00bb]<\/p>\n<h4>ACTIVIDADES<\/h4>\n<p>[\/et_pb_text][et_pb_text _builder_version=\u00bb4.19.4&#8243; _module_preset=\u00bb7262e956-c376-4aa6-9642-c413f71527d0&#8243; text_line_height=\u00bb1.8em\u00bb link_text_color=\u00bb#FFFFFF\u00bb link_line_height=\u00bb1.2em\u00bb header_font_size_tablet=\u00bb55px\u00bb header_font_size_last_edited=\u00bboff|desktop\u00bb locked=\u00bboff\u00bb global_colors_info=\u00bb{}\u00bb]<\/p>\n<p><a href=\"https:\/\/ampacamilojosecela.es\/index.php\/actividades\/\">Actividades del AMPA<\/a><br \/><a href=\"https:\/\/ampacamilojosecela.es\/index.php\/formularios-de-inscripcion\/\">Formularios de inscripci\u00f3n<\/a><br \/><a href=\"https:\/\/ampacamilojosecela.es\/index.php\/ultimas-noticias\/\">\u00daltimas noticias<\/a><\/p>\n<p>[\/et_pb_text][\/et_pb_column][\/et_pb_row][\/et_pb_section]<\/p>\n","protected":false},"excerpt":{"rendered":"<p>A continuaci\u00f3n ten\u00e9is los nombres de la Junta Directiva, elegida en la \u00faltima Asamblea (octubre 2024):Presidenta: Pilar CollantesVicepresidenta: Mar\u00eda Sig\u00fcenzaSecretaria:\u00a0 Leire FrisuelosTesorero: \u00a0\u00a0Manuel Naval\u00f3nVocales: Luc\u00eda Garc\u00eda, Paloma Ortiz de Zugasti Bau, Mar\u00eda G\u00f3mez Vanini, Ana Isabel Rodr\u00edguez Villota, Ainhoa Ceballos Hern\u00e1ndez Colaboradores: Laura Reig, Sergio S\u00e1nchez Queremos transmitiros que estamos a disposici\u00f3n de todas las [&hellip;]<\/p>\n","protected":false},"author":1,"featured_media":0,"parent":0,"menu_order":0,"comment_status":"closed","ping_status":"closed","template":"","meta":{"_et_pb_use_builder":"on","_et_pb_old_content":"","_et_gb_content_width":"","footnotes":""},"class_list":["post-107","page","type-page","status-publish","hentry"],"_links":{"self":[{"href":"https:\/\/ampacamilojosecela.es\/index.php\/wp-json\/wp\/v2\/pages\/107","targetHints":{"allow":["GET"]}}],"collection":[{"href":"https:\/\/ampacamilojosecela.es\/index.php\/wp-json\/wp\/v2\/pages"}],"about":[{"href":"https:\/\/ampacamilojosecela.es\/index.php\/wp-json\/wp\/v2\/types\/page"}],"author":[{"embeddable":true,"href":"https:\/\/ampacamilojosecela.es\/index.php\/wp-json\/wp\/v2\/users\/1"}],"replies":[{"embeddable":true,"href":"https:\/\/ampacamilojosecela.es\/index.php\/wp-json\/wp\/v2\/comments?post=107"}],"version-history":[{"count":21,"href":"https:\/\/ampacamilojosecela.es\/index.php\/wp-json\/wp\/v2\/pages\/107\/revisions"}],"predecessor-version":[{"id":1374,"href":"https:\/\/ampacamilojosecela.es\/index.php\/wp-json\/wp\/v2\/pages\/107\/revisions\/1374"}],"wp:attachment":[{"href":"https:\/\/ampacamilojosecela.es\/index.php\/wp-json\/wp\/v2\/media?parent=107"}],"curies":[{"name":"wp","href":"https:\/\/api.w.org\/{rel}","templated":true}]}}